{"id":17408,"date":"2023-09-05T12:17:45","date_gmt":"2023-09-05T17:17:45","guid":{"rendered":"https:\/\/www.dadiscartagena.gov.co\/?page_id=17408"},"modified":"2024-07-16T17:54:03","modified_gmt":"2024-07-16T22:54:03","slug":"efectos-de-la-mora-en-el-pago-de-las-cotizaciones-al-sgsss-y-garantia-de-la-atencion-en-salud","status":"publish","type":"page","link":"https:\/\/www.dadiscartagena.gov.co\/index.php\/efectos-de-la-mora-en-el-pago-de-las-cotizaciones-al-sgsss-y-garantia-de-la-atencion-en-salud\/","title":{"rendered":"Efectos de la mora en el pago de las cotizaciones al SGSSS y garant\u00eda de la atenci\u00f3n en salud"},"content":{"rendered":"\t\t<div data-elementor-type=\"wp-page\" data-elementor-id=\"17408\" class=\"elementor elementor-17408\">\n\t\t\t\t\t\t\t\t\t<section data-particle_enable=\"false\" data-particle-mobile-disabled=\"false\" class=\"penci-section penci-disSticky penci-structure-10 elementor-section elementor-top-section elementor-element elementor-element-0482e68 elementor-section-full_width elementor-section-stretched elementor-section-height-default elementor-section-height-default\" data-id=\"0482e68\" data-element_type=\"section\" data-settings=\"{&quot;stretch_section&quot;:&quot;section-stretched&quot;,&quot;background_background&quot;:&quot;classic&quot;}\">\n\t\t\t\t\t\t<div class=\"elementor-container elementor-column-gap-no\">\n\t\t\t\t\t<div class=\"penci-ercol-100 penci-ercol-order-1 penci-sticky-ct  elementor-column elementor-col-100 elementor-top-column elementor-element elementor-element-2b969e6\" data-id=\"2b969e6\" data-element_type=\"column\">\n\t\t\t<div class=\"elementor-widget-wrap elementor-element-populated\">\n\t\t\t\t\t\t\t\t<div class=\"elementor-element elementor-element-d640f28 elementor-widget elementor-widget-image\" data-id=\"d640f28\" data-element_type=\"widget\" data-widget_type=\"image.default\">\n\t\t\t\t<div class=\"elementor-widget-container\">\n\t\t\t<style>\/*! elementor - v3.7.7 - 20-09-2022 *\/\n.elementor-widget-image{text-align:center}.elementor-widget-image a{display:inline-block}.elementor-widget-image a img[src$=\".svg\"]{width:48px}.elementor-widget-image img{vertical-align:middle;display:inline-block}<\/style>\t\t\t\t\t\t\t\t\t\t\t\t<img width=\"1024\" height=\"150\" src=\"https:\/\/www.dadiscartagena.gov.co\/wp-content\/uploads\/2022\/10\/banner_aseguramiento-1024x150.jpg\" class=\"attachment-large size-large\" alt=\"\" loading=\"lazy\" srcset=\"https:\/\/www.dadiscartagena.gov.co\/wp-content\/uploads\/2022\/10\/banner_aseguramiento-1024x150.jpg 1024w, https:\/\/www.dadiscartagena.gov.co\/wp-content\/uploads\/2022\/10\/banner_aseguramiento-300x44.jpg 300w, https:\/\/www.dadiscartagena.gov.co\/wp-content\/uploads\/2022\/10\/banner_aseguramiento-768x112.jpg 768w, https:\/\/www.dadiscartagena.gov.co\/wp-content\/uploads\/2022\/10\/banner_aseguramiento-1536x224.jpg 1536w, https:\/\/www.dadiscartagena.gov.co\/wp-content\/uploads\/2022\/10\/banner_aseguramiento-1170x171.jpg 1170w, https:\/\/www.dadiscartagena.gov.co\/wp-content\/uploads\/2022\/10\/banner_aseguramiento-585x85.jpg 585w, https:\/\/www.dadiscartagena.gov.co\/wp-content\/uploads\/2022\/10\/banner_aseguramiento.jpg 1567w\" sizes=\"(max-width: 1024px) 100vw, 1024px\" \/>\t\t\t\t\t\t\t\t\t\t\t\t\t\t\t<\/div>\n\t\t\t\t<\/div>\n\t\t\t\t\t<\/div>\n\t\t<\/div>\n\t\t\t\t\t\t\t<\/div>\n\t\t<\/section>\n\t\t\t\t<section data-particle_enable=\"false\" data-particle-mobile-disabled=\"false\" class=\"penci-section penci-enSticky penci-structure-22 elementor-section elementor-top-section elementor-element elementor-element-d6993d5 elementor-section-boxed elementor-section-height-default elementor-section-height-default\" data-id=\"d6993d5\" data-element_type=\"section\">\n\t\t\t\t\t\t<div class=\"elementor-container elementor-column-gap-wide\">\n\t\t\t\t\t<div class=\"penci-ercol-66 penci-ercol-order-1 penci-sticky-ct  elementor-column elementor-col-66 elementor-top-column elementor-element elementor-element-68edbbe\" data-id=\"68edbbe\" data-element_type=\"column\">\n\t\t\t<div class=\"elementor-widget-wrap elementor-element-populated\">\n\t\t\t\t\t\t\t\t<div class=\"elementor-element elementor-element-4fcf1de elementor-widget elementor-widget-image\" data-id=\"4fcf1de\" data-element_type=\"widget\" data-widget_type=\"image.default\">\n\t\t\t\t<div class=\"elementor-widget-container\">\n\t\t\t\t\t\t\t\t\t\t\t\t\t\t\t<img width=\"1024\" height=\"683\" src=\"https:\/\/www.dadiscartagena.gov.co\/wp-content\/uploads\/2024\/07\/Equipo_DOA-1024x683.jpg\" class=\"attachment-large size-large\" alt=\"\" loading=\"lazy\" srcset=\"https:\/\/www.dadiscartagena.gov.co\/wp-content\/uploads\/2024\/07\/Equipo_DOA-1024x683.jpg 1024w, https:\/\/www.dadiscartagena.gov.co\/wp-content\/uploads\/2024\/07\/Equipo_DOA-300x200.jpg 300w, https:\/\/www.dadiscartagena.gov.co\/wp-content\/uploads\/2024\/07\/Equipo_DOA-768x512.jpg 768w, https:\/\/www.dadiscartagena.gov.co\/wp-content\/uploads\/2024\/07\/Equipo_DOA-1536x1024.jpg 1536w, https:\/\/www.dadiscartagena.gov.co\/wp-content\/uploads\/2024\/07\/Equipo_DOA-2048x1365.jpg 2048w, https:\/\/www.dadiscartagena.gov.co\/wp-content\/uploads\/2024\/07\/Equipo_DOA-1920x1280.jpg 1920w, https:\/\/www.dadiscartagena.gov.co\/wp-content\/uploads\/2024\/07\/Equipo_DOA-1170x780.jpg 1170w, https:\/\/www.dadiscartagena.gov.co\/wp-content\/uploads\/2024\/07\/Equipo_DOA-585x390.jpg 585w, https:\/\/www.dadiscartagena.gov.co\/wp-content\/uploads\/2024\/07\/Equipo_DOA-263x175.jpg 263w\" sizes=\"(max-width: 1024px) 100vw, 1024px\" \/>\t\t\t\t\t\t\t\t\t\t\t\t\t\t\t<\/div>\n\t\t\t\t<\/div>\n\t\t\t\t<div class=\"elementor-element elementor-element-02b1e49 elementor-widget elementor-widget-heading\" data-id=\"02b1e49\" data-element_type=\"widget\" data-widget_type=\"heading.default\">\n\t\t\t\t<div class=\"elementor-widget-container\">\n\t\t\t<style>\/*! elementor - v3.7.7 - 20-09-2022 *\/\n.elementor-heading-title{padding:0;margin:0;line-height:1}.elementor-widget-heading .elementor-heading-title[class*=elementor-size-]>a{color:inherit;font-size:inherit;line-height:inherit}.elementor-widget-heading .elementor-heading-title.elementor-size-small{font-size:15px}.elementor-widget-heading .elementor-heading-title.elementor-size-medium{font-size:19px}.elementor-widget-heading .elementor-heading-title.elementor-size-large{font-size:29px}.elementor-widget-heading .elementor-heading-title.elementor-size-xl{font-size:39px}.elementor-widget-heading .elementor-heading-title.elementor-size-xxl{font-size:59px}<\/style><h1 class=\"elementor-heading-title elementor-size-medium\">Efectos de la mora en el pago de las cotizaciones al SGSSS y garant\u00eda de la atenci\u00f3n en salud\n<\/h1>\t\t<\/div>\n\t\t\t\t<\/div>\n\t\t\t\t<div class=\"elementor-element elementor-element-b6f8958 elementor-widget elementor-widget-bdt-accordion\" data-id=\"b6f8958\" data-element_type=\"widget\" data-widget_type=\"bdt-accordion.default\">\n\t\t\t\t<div class=\"elementor-widget-container\">\n\t\t\t        <div class=\"bdt-ep-accordion-container\">\r\n            <div id=\"bdt-ep-accordion-b6f8958\" class=\"bdt-ep-accordion bdt-accordion\" data-bdt-accordion=\"{&quot;collapsible&quot;:true,&quot;multiple&quot;:false,&quot;transition&quot;:&quot;ease-in-out&quot;}\" data-settings=\"{&quot;id&quot;:&quot;bdt-ep-accordion-b6f8958&quot;,&quot;activeHash&quot;:&quot;no&quot;,&quot;activeScrollspy&quot;:null,&quot;hashTopOffset&quot;:false,&quot;hashScrollspyTime&quot;:false}\">\r\n                                    <div class=\"bdt-ep-accordion-item\">\r\n                        <div class=\"bdt-ep-accordion-title bdt-accordion-title bdt-flex bdt-flex-middle bdt-flex-between\" id=\"bdt-ep-accordion-cules-son-los-efectos-econmicos-de-la-suspensin-de-la-afiliacin-por-mora-del-trabajador-independiente\" data-accordion-index=\"0\" data-title=\"cu-les-son-los-efectos-econ-micos-de-la-suspensi-n-de-la-afiliaci-n-por-mora-del-trabajador-independiente\" role=\"heading\">\r\n\r\n                                                            <span class=\"bdt-ep-accordion-icon bdt-flex-align-right\" aria-hidden=\"true\">\r\n\r\n                                                                            <span class=\"bdt-ep-accordion-icon-closed\">\r\n                                            <i aria-hidden=\"true\" class=\"fa-fw fas fa-plus\"><\/i>                                        <\/span>\r\n                                    \r\n                                                                            <span class=\"bdt-ep-accordion-icon-opened\">\r\n                                            <i aria-hidden=\"true\" class=\"fa-fw fas fa-minus\"><\/i>                                        <\/span>\r\n                                    \r\n                                <\/span>\r\n                            \r\n                            <span class=\"bdt-ep-title-text bdt-flex bdt-flex-middle\">\r\n\r\n                                                                \u00bfCu\u00e1les son los efectos econ\u00f3micos de la suspensi\u00f3n de la afiliaci\u00f3n por mora del trabajador independiente?                            <\/span>\r\n\r\n                        <\/div>\r\n                        <div class=\"bdt-ep-accordion-content bdt-accordion-content\">\r\n                            <p>Durante el per\u00edodo de suspensi\u00f3n de la afiliaci\u00f3n del trabajador independiente no se causar\u00e1 deuda por las cotizaciones e intereses de mora, pero si tendr\u00e1 la obligaci\u00f3n de cancelar, los per\u00edodos de cotizaciones y los intereses de mora causados antes de la suspensi\u00f3n. Lo anterior no exime al trabajador independiente de la obligaci\u00f3n de reportar las novedades referidas a la perdida de las condiciones para seguir cotizando al Sistema.<\/p>                        <\/div>\r\n                    <\/div>\r\n                                    <div class=\"bdt-ep-accordion-item\">\r\n                        <div class=\"bdt-ep-accordion-title bdt-accordion-title bdt-flex bdt-flex-middle bdt-flex-between\" id=\"bdt-ep-accordion-cmo-se-efecta-el-reconocimiento-de-la-licencia-de-maternidad-para-las-trabajadoras-independientes-de-bajos-ingresos-que-no-hayan-cotizado-durante-todo-el-perodo-de-gestacin\" data-accordion-index=\"1\" data-title=\"c-mo-se-efect-a-el-reconocimiento-de-la-licencia-de-maternidad-para-las-trabajadoras-independientes-de-bajos-ingresos-que-no-hayan-cotizado-durante-todo-el-per-odo-de-gestaci-n\" role=\"heading\">\r\n\r\n                                                            <span class=\"bdt-ep-accordion-icon bdt-flex-align-right\" aria-hidden=\"true\">\r\n\r\n                                                                            <span class=\"bdt-ep-accordion-icon-closed\">\r\n                                            <i aria-hidden=\"true\" class=\"fa-fw fas fa-plus\"><\/i>                                        <\/span>\r\n                                    \r\n                                                                            <span class=\"bdt-ep-accordion-icon-opened\">\r\n                                            <i aria-hidden=\"true\" class=\"fa-fw fas fa-minus\"><\/i>                                        <\/span>\r\n                                    \r\n                                <\/span>\r\n                            \r\n                            <span class=\"bdt-ep-title-text bdt-flex bdt-flex-middle\">\r\n\r\n                                                                \u00bfC\u00f3mo se efect\u00faa el reconocimiento de la licencia de maternidad para las trabajadoras independientes de bajos ingresos que no hayan cotizado, durante todo el per\u00edodo de gestaci\u00f3n?                            <\/span>\r\n\r\n                        <\/div>\r\n                        <div class=\"bdt-ep-accordion-content bdt-accordion-content\">\r\n                            <p>La trabajadora independiente cuyo ingreso base de cotizaci\u00f3n sea de un salario m\u00ednimo mensual legal vigente y ha cotizado un per\u00edodo inferior al de la gestaci\u00f3n, tendr\u00e1 derecho al reconocimiento de la licencia de maternidad, al pago completo de la licencia cuando ha dejado de cotizar hasta por dos (2) per\u00edodos y al pago proporcional cuando ha dejado de cotizar por m\u00e1s de dos (2) per\u00edodos.<\/p>                        <\/div>\r\n                    <\/div>\r\n                                    <div class=\"bdt-ep-accordion-item\">\r\n                        <div class=\"bdt-ep-accordion-title bdt-accordion-title bdt-flex bdt-flex-middle bdt-flex-between\" id=\"bdt-ep-accordion-cules-son-las-nuevas-reglas-para-el-reconocimiento-de-las-incapacidades-por-enfermedad-general\" data-accordion-index=\"2\" data-title=\"cu-les-son-las-nuevas-reglas-para-el-reconocimiento-de-las-incapacidades-por-enfermedad-general\" role=\"heading\">\r\n\r\n                                                            <span class=\"bdt-ep-accordion-icon bdt-flex-align-right\" aria-hidden=\"true\">\r\n\r\n                                                                            <span class=\"bdt-ep-accordion-icon-closed\">\r\n                                            <i aria-hidden=\"true\" class=\"fa-fw fas fa-plus\"><\/i>                                        <\/span>\r\n                                    \r\n                                                                            <span class=\"bdt-ep-accordion-icon-opened\">\r\n                                            <i aria-hidden=\"true\" class=\"fa-fw fas fa-minus\"><\/i>                                        <\/span>\r\n                                    \r\n                                <\/span>\r\n                            \r\n                            <span class=\"bdt-ep-title-text bdt-flex bdt-flex-middle\">\r\n\r\n                                                                \u00bfCu\u00e1les son las nuevas reglas para el reconocimiento de las incapacidades por enfermedad general?                            <\/span>\r\n\r\n                        <\/div>\r\n                        <div class=\"bdt-ep-accordion-content bdt-accordion-content\">\r\n                            <p>Durante el per\u00edodo de suspensi\u00f3n de la afiliaci\u00f3n del trabajador independiente no se causar\u00e1 deuda por las cotizaciones e intereses de mora, pero si tendr\u00e1 la obligaci\u00f3n de cancelar, los per\u00edodos de cotizaciones y los intereses de mora causados antes de la suspensi\u00f3n. Lo anterior no exime al trabajador independiente de la obligaci\u00f3n de reportar las novedades referidas a la perdida de las condiciones para seguir cotizando al Sistema.<\/p>                        <\/div>\r\n                    <\/div>\r\n                                    <div class=\"bdt-ep-accordion-item\">\r\n                        <div class=\"bdt-ep-accordion-title bdt-accordion-title bdt-flex bdt-flex-middle bdt-flex-between\" id=\"bdt-ep-accordion-qu-debe-hacer-el-trabajador-ante-la-negacin-de-los-servicios-de-salud-causada-por-la-mora-del-empleador-cuando-a-ste-se-le-ha-efectuado-el-descuento-correspondiente-y-se-encuentra-con-un-tratamiento-en-curso-sea-en-atencin-ambulatoria-con-internacin-de-urgencias-domiciliaria-o-inicial-de-urgencias\" data-accordion-index=\"3\" data-title=\"qu-debe-hacer-el-trabajador-ante-la-negaci-n-de-los-servicios-de-salud-causada-por-la-mora-del-empleador-cuando-a-ste-se-le-ha-efectuado-el-descuento-correspondiente-y-se-encuentra-con-un-tratamiento-en-curso-sea-en-atenci-n-ambulatoria-con-internaci-n-de-urgencias-domiciliaria-o-inicial-de-urgencias\" role=\"heading\">\r\n\r\n                                                            <span class=\"bdt-ep-accordion-icon bdt-flex-align-right\" aria-hidden=\"true\">\r\n\r\n                                                                            <span class=\"bdt-ep-accordion-icon-closed\">\r\n                                            <i aria-hidden=\"true\" class=\"fa-fw fas fa-plus\"><\/i>                                        <\/span>\r\n                                    \r\n                                                                            <span class=\"bdt-ep-accordion-icon-opened\">\r\n                                            <i aria-hidden=\"true\" class=\"fa-fw fas fa-minus\"><\/i>                                        <\/span>\r\n                                    \r\n                                <\/span>\r\n                            \r\n                            <span class=\"bdt-ep-title-text bdt-flex bdt-flex-middle\">\r\n\r\n                                                                \u00bfQu\u00e9 debe hacer el trabajador ante la negaci\u00f3n de los servicios de salud causada por la mora del empleador, cuando a \u00e9ste se le ha efectuado el descuento correspondiente y se encuentra con un tratamiento en curso sea en atenci\u00f3n ambulatoria, con internaci\u00f3n, de urgencias, domiciliaria o inicial de urgencias?                            <\/span>\r\n\r\n                        <\/div>\r\n                        <div class=\"bdt-ep-accordion-content bdt-accordion-content\">\r\n                            <p style=\"text-align: left;\">El trabajador cotizante deber\u00e1 reportar a la Superintendencia Nacional de Salud los casos en los que la EPS niegue los servicios argumentando la mora del empleador. El reporte se har\u00e1 mediante la remisi\u00f3n del \u201cformato de negaci\u00f3n de servicios\u201d o por v\u00eda escrita o telef\u00f3nica o cualquier otro medio expedito que disponga esa entidad.<\/p>                        <\/div>\r\n                    <\/div>\r\n                                    <div class=\"bdt-ep-accordion-item\">\r\n                        <div class=\"bdt-ep-accordion-title bdt-accordion-title bdt-flex bdt-flex-middle bdt-flex-between\" id=\"bdt-ep-accordion-cules-son-los-efectos-de-la-mora-para-los-trabajadores-independientes\" data-accordion-index=\"4\" data-title=\"cu-les-son-los-efectos-de-la-mora-para-los-trabajadores-independientes\" role=\"heading\">\r\n\r\n                                                            <span class=\"bdt-ep-accordion-icon bdt-flex-align-right\" aria-hidden=\"true\">\r\n\r\n                                                                            <span class=\"bdt-ep-accordion-icon-closed\">\r\n                                            <i aria-hidden=\"true\" class=\"fa-fw fas fa-plus\"><\/i>                                        <\/span>\r\n                                    \r\n                                                                            <span class=\"bdt-ep-accordion-icon-opened\">\r\n                                            <i aria-hidden=\"true\" class=\"fa-fw fas fa-minus\"><\/i>                                        <\/span>\r\n                                    \r\n                                <\/span>\r\n                            \r\n                            <span class=\"bdt-ep-title-text bdt-flex bdt-flex-middle\">\r\n\r\n                                                                \u00bfCu\u00e1les son los efectos de la mora para los trabajadores independientes?                            <\/span>\r\n\r\n                        <\/div>\r\n                        <div class=\"bdt-ep-accordion-content bdt-accordion-content\">\r\n                            <p>Cuando el trabajador independiente se encuentre en mora, la EPS podr\u00e1 suspender la prestaci\u00f3n de los servicios de salud contenidos en el Plan de Beneficios, salvo que se trate de la atenci\u00f3n de gestantes y de menores de edad, evento en el cual garantizar\u00e1 los servicios de salud de manera continua. Tambi\u00e9n deber\u00e1 garantizar la prestaci\u00f3n de los servicios de salud al trabajador y a los integrantes de su n\u00facleo familiar hasta por cuatro (4) per\u00edodos consecutivos de mora cuando se encuentren con tratamientos en curso, sea en atenci\u00f3n ambulatoria, con internaci\u00f3n, de urgencias, domiciliaria o inicial de urgencias. Vencido este t\u00e9rmino se les garantizar\u00e1 la continuidad de la atenci\u00f3n a trav\u00e9s de los prestadores de la red p\u00fablica.<br \/>Producida la suspensi\u00f3n de los servicios de salud por mora en el pago de las cotizaciones, los servicios que demande el trabajador independiente y su n\u00facleo familiar les ser\u00e1n prestados a trav\u00e9s de la red p\u00fablica y deber\u00e1n efectuar los pagos establecidos en las normas vigentes.<br \/>Cuando la afiliaci\u00f3n y el pago de aportes se efect\u00faa a trav\u00e9s de una agremiaci\u00f3n o asociaci\u00f3n autorizada para la afiliaci\u00f3n colectiva y ha mediado el pago de la cotizaci\u00f3n por parte del trabajador independiente a la agremiaci\u00f3n o asociaci\u00f3n, las prestaciones econ\u00f3micas del cotizante y los costos derivados de la atenci\u00f3n en salud que demande el trabajador independiente y su n\u00facleo familiar, durante el per\u00edodo de suspensi\u00f3n por mora, estar\u00e1n a cargo de la agremiaci\u00f3n o asociaci\u00f3n correspondiente.<br \/>Cuando el trabajador independiente suscriba acuerdos de pago por las cotizaciones e intereses adeudados, la EPS podr\u00e1 optar por garantizar la continuidad de la prestaci\u00f3n de los servicios de salud de \u00e9ste y de su n\u00facleo familiar.<br \/>No habr\u00e1 lugar al reconocimiento de las prestaciones econ\u00f3micas por incapacidad, licencias de maternidad y paternidad por parte del Sistema o de la EPS, cuando la EPS hubiere requerido al empleador el pago de las cotizaciones en mora.<\/p>                        <\/div>\r\n                    <\/div>\r\n                            <\/div>\r\n        <\/div>\r\n    \t\t<\/div>\n\t\t\t\t<\/div>\n\t\t\t\t\t<\/div>\n\t\t<\/div>\n\t\t\t\t<div class=\"penci-ercol-33 penci-ercol-order-2 penci-sticky-sb penci-sidebarSC elementor-column elementor-col-33 elementor-top-column elementor-element elementor-element-fa4ca65\" data-id=\"fa4ca65\" data-element_type=\"column\">\n\t\t\t<div class=\"elementor-widget-wrap elementor-element-populated\">\n\t\t\t\t\t\t\t\t<div class=\"elementor-element elementor-element-1c81966 elementor-widget elementor-widget-heading\" data-id=\"1c81966\" data-element_type=\"widget\" data-widget_type=\"heading.default\">\n\t\t\t\t<div class=\"elementor-widget-container\">\n\t\t\t<h2 class=\"elementor-heading-title elementor-size-default\">ASEGURAMIENTO<\/h2>\t\t<\/div>\n\t\t\t\t<\/div>\n\t\t\t\t<div class=\"elementor-element elementor-element-d7d6e86 elementor-widget elementor-widget-bdt-slinky-vertical-menu\" data-id=\"d7d6e86\" data-element_type=\"widget\" data-widget_type=\"bdt-slinky-vertical-menu.default\">\n\t\t\t\t<div class=\"elementor-widget-container\">\n\t\t\t\t\t<div class=\"bdt-slinky-vertical-menu slinky-menu slinky-theme-default\" id=\"bdt-slinky-vertical-menu-d7d6e86\">\n\n\t\t\t\t\t\t\t\t\t<ul id=\"bdt-slinky-vertical-menu-d7d6e86\" class=\"slinky-vertical-menu\"><li class=\"bdt-menu-item\"><a href=\"https:\/\/www.dadiscartagena.gov.co\/index.php\/funciones\/\" class=\"\">Funciones<\/a><\/li><li class=\"bdt-menu-item\"><a href=\"https:\/\/www.dadiscartagena.gov.co\/index.php\/gestion-del-aseguramiento-en-salud\/\" class=\"\">Gesti\u00f3n del Aseguramiento en salud<\/a><\/li><li class=\"bdt-menu-item\"><a href=\"https:\/\/www.dadiscartagena.gov.co\/index.php\/administracion-de-bases-de-datos-del-aseguramiento\/\" class=\"\">R\u00e9gimen Subsidiado<\/a><\/li><li class=\"bdt-menu-item\"><a href=\"https:\/\/www.dadiscartagena.gov.co\/index.php\/regimen-contributivo\/\" class=\"\">R\u00e9gimen Contributivo<\/a><\/li><li class=\"bdt-menu-item\"><a href=\"https:\/\/www.dadiscartagena.gov.co\/index.php\/los-deberes-y-derechos-en-salud\/\" class=\"\">Deberes y Derechos en Salud<\/a><\/li><li class=\"bdt-menu-item\"><a href=\"https:\/\/www.dadiscartagena.gov.co\/index.php\/traslado-movilidad-y-portabilidad\/\" class=\"\">Traslado, Movilidad y Portabilidad<\/a><\/li><li class=\"bdt-menu-item\"><a href=\"https:\/\/www.dadiscartagena.gov.co\/index.php\/sistema-de-afiliacion-transaccional\/\" class=\"\">Sistema de Afiliaci\u00f3n Transaccional<\/a><\/li><li class=\"bdt-menu-item\"><a href=\"https:\/\/www.dadiscartagena.gov.co\/index.php\/afiliacion-y-novedades\/\" class=\"\">Afiliaci\u00f3n y novedades<\/a><\/li><li class=\"bdt-menu-item\"><a href=\"https:\/\/www.dadiscartagena.gov.co\/index.php\/efectos-de-la-mora-en-el-pago-de-las-cotizaciones-al-sgsss-y-garantia-de-la-atencion-en-salud\/\" class=\"\">Efectos de la mora en el pago de las cotizaciones al SGSSS y garant\u00eda de la atenci\u00f3n en salud<\/a><\/li><li class=\"bdt-menu-item\"><a href=\"https:\/\/www.dadiscartagena.gov.co\/index.php\/instrumentos-para-garantizar-continuidad-del-aseguramiento-ante-los-cambios-en-la-condicion-economica-del-afiliado-2\/\" class=\"\">Instrumentos para garantizar continuidad del aseguramiento ante los cambios en la condici\u00f3n econ\u00f3mica del Afiliado<\/a><\/li><li class=\"bdt-menu-item\"><a href=\"https:\/\/www.dadiscartagena.gov.co\/index.php\/prestaciones-economicas\/\" class=\"\">Prestaciones Econ\u00f3micas<\/a><\/li><\/ul>\n\t\t\t\n\t\t<\/div>\n\t\t\t<\/div>\n\t\t\t\t<\/div>\n\t\t\t\t\t<\/div>\n\t\t<\/div>\n\t\t\t\t\t\t\t<\/div>\n\t\t<\/section>\n\t\t\t\t\t\t\t<\/div>\n\t\t","protected":false},"excerpt":{"rendered":"<p>Efectos de la mora en el pago de las cotizaciones al SGSSS y garant\u00eda de la atenci\u00f3n en salud \u00bfCu\u00e1les son los efectos econ\u00f3micos de la suspensi\u00f3n de la afiliaci\u00f3n&hellip;<\/p>\n","protected":false},"author":1,"featured_media":0,"parent":0,"menu_order":0,"comment_status":"closed","ping_status":"closed","template":"elementor_header_footer","meta":[],"_links":{"self":[{"href":"https:\/\/www.dadiscartagena.gov.co\/index.php\/wp-json\/wp\/v2\/pages\/17408"}],"collection":[{"href":"https:\/\/www.dadiscartagena.gov.co\/index.php\/wp-json\/wp\/v2\/pages"}],"about":[{"href":"https:\/\/www.dadiscartagena.gov.co\/index.php\/wp-json\/wp\/v2\/types\/page"}],"author":[{"embeddable":true,"href":"https:\/\/www.dadiscartagena.gov.co\/index.php\/wp-json\/wp\/v2\/users\/1"}],"replies":[{"embeddable":true,"href":"https:\/\/www.dadiscartagena.gov.co\/index.php\/wp-json\/wp\/v2\/comments?post=17408"}],"version-history":[{"count":16,"href":"https:\/\/www.dadiscartagena.gov.co\/index.php\/wp-json\/wp\/v2\/pages\/17408\/revisions"}],"predecessor-version":[{"id":22398,"href":"https:\/\/www.dadiscartagena.gov.co\/index.php\/wp-json\/wp\/v2\/pages\/17408\/revisions\/22398"}],"wp:attachment":[{"href":"https:\/\/www.dadiscartagena.gov.co\/index.php\/wp-json\/wp\/v2\/media?parent=17408"}],"curies":[{"name":"wp","href":"https:\/\/api.w.org\/{rel}","templated":true}]}}