{"id":4288,"date":"2022-11-22T08:03:33","date_gmt":"2022-11-22T13:03:33","guid":{"rendered":"http:\/\/172.20.5.10\/?page_id=4288"},"modified":"2023-01-05T20:03:43","modified_gmt":"2023-01-06T01:03:43","slug":"salud-infantil-2","status":"publish","type":"page","link":"https:\/\/www.dadiscartagena.gov.co\/index.php\/salud-infantil-2\/","title":{"rendered":"Salud Infantil"},"content":{"rendered":"\t\t<div data-elementor-type=\"wp-page\" data-elementor-id=\"4288\" class=\"elementor elementor-4288\">\n\t\t\t\t\t\t\t\t\t<section data-particle_enable=\"false\" data-particle-mobile-disabled=\"false\" class=\"penci-section penci-disSticky penci-structure-10 elementor-section elementor-top-section elementor-element elementor-element-c5a7693 elementor-section-full_width elementor-section-stretched elementor-section-height-default elementor-section-height-default\" data-id=\"c5a7693\" data-element_type=\"section\" data-settings=\"{&quot;stretch_section&quot;:&quot;section-stretched&quot;,&quot;background_background&quot;:&quot;classic&quot;}\">\n\t\t\t\t\t\t<div class=\"elementor-container elementor-column-gap-no\">\n\t\t\t\t\t<div class=\"penci-ercol-100 penci-ercol-order-1 penci-sticky-ct  elementor-column elementor-col-100 elementor-top-column elementor-element elementor-element-2198422\" data-id=\"2198422\" data-element_type=\"column\">\n\t\t\t<div class=\"elementor-widget-wrap elementor-element-populated\">\n\t\t\t\t\t\t\t\t<div class=\"elementor-element elementor-element-2b9d56a elementor-widget elementor-widget-image\" data-id=\"2b9d56a\" data-element_type=\"widget\" data-widget_type=\"image.default\">\n\t\t\t\t<div class=\"elementor-widget-container\">\n\t\t\t<style>\/*! elementor - v3.7.7 - 20-09-2022 *\/\n.elementor-widget-image{text-align:center}.elementor-widget-image a{display:inline-block}.elementor-widget-image a img[src$=\".svg\"]{width:48px}.elementor-widget-image img{vertical-align:middle;display:inline-block}<\/style>\t\t\t\t\t\t\t\t\t\t\t\t<img width=\"1024\" height=\"150\" src=\"https:\/\/www.dadiscartagena.gov.co\/wp-content\/uploads\/2022\/11\/banner_salud-infantil-1024x150.jpg\" class=\"attachment-large size-large\" alt=\"\" loading=\"lazy\" srcset=\"https:\/\/www.dadiscartagena.gov.co\/wp-content\/uploads\/2022\/11\/banner_salud-infantil-1024x150.jpg 1024w, https:\/\/www.dadiscartagena.gov.co\/wp-content\/uploads\/2022\/11\/banner_salud-infantil-300x44.jpg 300w, https:\/\/www.dadiscartagena.gov.co\/wp-content\/uploads\/2022\/11\/banner_salud-infantil-768x112.jpg 768w, https:\/\/www.dadiscartagena.gov.co\/wp-content\/uploads\/2022\/11\/banner_salud-infantil-1536x224.jpg 1536w, https:\/\/www.dadiscartagena.gov.co\/wp-content\/uploads\/2022\/11\/banner_salud-infantil-1170x171.jpg 1170w, https:\/\/www.dadiscartagena.gov.co\/wp-content\/uploads\/2022\/11\/banner_salud-infantil-585x85.jpg 585w, https:\/\/www.dadiscartagena.gov.co\/wp-content\/uploads\/2022\/11\/banner_salud-infantil.jpg 1567w\" sizes=\"(max-width: 1024px) 100vw, 1024px\" \/>\t\t\t\t\t\t\t\t\t\t\t\t\t\t\t<\/div>\n\t\t\t\t<\/div>\n\t\t\t\t\t<\/div>\n\t\t<\/div>\n\t\t\t\t\t\t\t<\/div>\n\t\t<\/section>\n\t\t\t\t<section data-particle_enable=\"false\" data-particle-mobile-disabled=\"false\" class=\"penci-section penci-enSticky penci-structure-22 elementor-section elementor-top-section elementor-element elementor-element-832030e elementor-section-boxed elementor-section-height-default elementor-section-height-default\" data-id=\"832030e\" data-element_type=\"section\">\n\t\t\t\t\t\t<div class=\"elementor-container elementor-column-gap-wide\">\n\t\t\t\t\t<div class=\"penci-ercol-66 penci-ercol-order-1 penci-sticky-ct  elementor-column elementor-col-66 elementor-top-column elementor-element elementor-element-0fa4e9a\" data-id=\"0fa4e9a\" data-element_type=\"column\">\n\t\t\t<div class=\"elementor-widget-wrap elementor-element-populated\">\n\t\t\t\t\t\t\t\t<div class=\"elementor-element elementor-element-6777566 elementor-widget elementor-widget-image\" data-id=\"6777566\" data-element_type=\"widget\" data-widget_type=\"image.default\">\n\t\t\t\t<div class=\"elementor-widget-container\">\n\t\t\t\t\t\t\t\t\t\t\t\t\t\t\t<img width=\"1024\" height=\"488\" src=\"https:\/\/www.dadiscartagena.gov.co\/wp-content\/uploads\/2022\/11\/salud-infantil-1024x488.jpg\" class=\"attachment-large size-large\" alt=\"\" loading=\"lazy\" srcset=\"https:\/\/www.dadiscartagena.gov.co\/wp-content\/uploads\/2022\/11\/salud-infantil-1024x488.jpg 1024w, https:\/\/www.dadiscartagena.gov.co\/wp-content\/uploads\/2022\/11\/salud-infantil-300x143.jpg 300w, https:\/\/www.dadiscartagena.gov.co\/wp-content\/uploads\/2022\/11\/salud-infantil-768x366.jpg 768w, https:\/\/www.dadiscartagena.gov.co\/wp-content\/uploads\/2022\/11\/salud-infantil-1170x558.jpg 1170w, https:\/\/www.dadiscartagena.gov.co\/wp-content\/uploads\/2022\/11\/salud-infantil-585x279.jpg 585w, https:\/\/www.dadiscartagena.gov.co\/wp-content\/uploads\/2022\/11\/salud-infantil.jpg 1280w\" sizes=\"(max-width: 1024px) 100vw, 1024px\" \/>\t\t\t\t\t\t\t\t\t\t\t\t\t\t\t<\/div>\n\t\t\t\t<\/div>\n\t\t\t\t<div class=\"elementor-element elementor-element-0d49c44 elementor-widget elementor-widget-heading\" data-id=\"0d49c44\" data-element_type=\"widget\" data-widget_type=\"heading.default\">\n\t\t\t\t<div class=\"elementor-widget-container\">\n\t\t\t<style>\/*! elementor - v3.7.7 - 20-09-2022 *\/\n.elementor-heading-title{padding:0;margin:0;line-height:1}.elementor-widget-heading .elementor-heading-title[class*=elementor-size-]>a{color:inherit;font-size:inherit;line-height:inherit}.elementor-widget-heading .elementor-heading-title.elementor-size-small{font-size:15px}.elementor-widget-heading .elementor-heading-title.elementor-size-medium{font-size:19px}.elementor-widget-heading .elementor-heading-title.elementor-size-large{font-size:29px}.elementor-widget-heading .elementor-heading-title.elementor-size-xl{font-size:39px}.elementor-widget-heading .elementor-heading-title.elementor-size-xxl{font-size:59px}<\/style><h2 class=\"elementor-heading-title elementor-size-default\">Objetivo General<\/h2>\t\t<\/div>\n\t\t\t\t<\/div>\n\t\t\t\t<div class=\"elementor-element elementor-element-56620d9 elementor-widget elementor-widget-text-editor\" data-id=\"56620d9\" data-element_type=\"widget\" data-widget_type=\"text-editor.default\">\n\t\t\t\t<div class=\"elementor-widget-container\">\n\t\t\t<style>\/*! elementor - v3.7.7 - 20-09-2022 *\/\n.elementor-widget-text-editor.elementor-drop-cap-view-stacked .elementor-drop-cap{background-color:#818a91;color:#fff}.elementor-widget-text-editor.elementor-drop-cap-view-framed .elementor-drop-cap{color:#818a91;border:3px solid;background-color:transparent}.elementor-widget-text-editor:not(.elementor-drop-cap-view-default) .elementor-drop-cap{margin-top:8px}.elementor-widget-text-editor:not(.elementor-drop-cap-view-default) .elementor-drop-cap-letter{width:1em;height:1em}.elementor-widget-text-editor .elementor-drop-cap{float:left;text-align:center;line-height:1;font-size:50px}.elementor-widget-text-editor .elementor-drop-cap-letter{display:inline-block}<\/style>\t\t\t\t<p>Lograr la cero tolerancia con la morbilidad, mortalidad y discapacidad evitables en ni\u00f1os y ni\u00f1as a trav\u00e9s de la promoci\u00f3n de la salud, la gesti\u00f3n del riesgo en salud, la gesti\u00f3n de la salud p\u00fablica y las acciones diferenciales de sujetos y colectivos con el fortalecimiento de la autoridad sanitaria; siendo el reto y objetivo \u00faltimo la equidad en salud.<\/p>\t\t\t\t\t\t<\/div>\n\t\t\t\t<\/div>\n\t\t\t\t<div class=\"elementor-element elementor-element-28ca682 elementor-widget elementor-widget-heading\" data-id=\"28ca682\" data-element_type=\"widget\" data-widget_type=\"heading.default\">\n\t\t\t\t<div class=\"elementor-widget-container\">\n\t\t\t<h2 class=\"elementor-heading-title elementor-size-default\">Objetivos Espec\u00edficos<\/h2>\t\t<\/div>\n\t\t\t\t<\/div>\n\t\t\t\t<div class=\"elementor-element elementor-element-dded634 elementor-widget elementor-widget-text-editor\" data-id=\"dded634\" data-element_type=\"widget\" data-widget_type=\"text-editor.default\">\n\t\t\t\t<div class=\"elementor-widget-container\">\n\t\t\t\t\t\t\t<ul><li>Fortalecer capacidades institucionales para asegurar los procesos de atenci\u00f3n en salud con calidad y calidez a las gestantes, ni\u00f1as, ni\u00f1os y adolescentes, haciendo uso de gu\u00edas cl\u00ednicas basadas en la evidencia, elaboraci\u00f3n y actualizaci\u00f3n de protocolos cl\u00ednicos institucionales de acuerdo con la normatividad vigente, historia cl\u00ednica unificada y adoptado los registros construidos en la estrategia de AIEPI, humanizaci\u00f3n de los servicios, entre otros.<\/li><li>Fortalecimiento de la familia y la comunidad en el desarrollo y el cuidado integral en salud de gestantes ni\u00f1os y ni\u00f1as.<\/li><li>Movilizaci\u00f3n y participaci\u00f3n social para la exigibilidad de los derechos y el desarrollo integral de las ni\u00f1as, ni\u00f1os y adolescentes.<\/li><li>Desarrollar estrategias de comunicaci\u00f3n institucional, dirigidas al talento humano, sobre la importancia de la atenci\u00f3n con calidad y humanizada a ni\u00f1os, ni\u00f1as y adolescentes, padres, madres y cuidadores.<\/li><li>Gestionar con las instituciones de formaci\u00f3n superior y t\u00e9cnica para la incorporaci\u00f3n de las competencias que requiere la atenci\u00f3n integral a la primera infancia, infancia y adolescencia, en los curriculum, pr\u00e1cticas y generaci\u00f3n de conocimiento.<\/li><li>\u00a0Utilizar Tecnolog\u00edas de la Informaci\u00f3n y Comunicaci\u00f3n (TIC) para el fortalecimiento de la atenci\u00f3n integral, superando barreras geogr\u00e1ficas o de disponibilidad de servicios dentro de la red prestadora, desde el nivel nacional, regional y local, especialmente, en zonas de dif\u00edcil acceso.<\/li><li>Desarrollar y evaluar una agenda de investigaci\u00f3n en infancia y adolescencia, a nivel nacional y territorial, que responda a las prioridades del desarrollo y atenci\u00f3n integral de primera infancia, infancia y adolescencia como soporte a la continuidad, reorientaci\u00f3n o dise\u00f1o del marco de pol\u00edtica p\u00fablica. Sistematizar y difundir experiencias y lecciones aprendidas en atenci\u00f3n integral de familias gestantes, ni\u00f1os, ni\u00f1as y adolescentes.\u00a0<\/li><\/ul>\t\t\t\t\t\t<\/div>\n\t\t\t\t<\/div>\n\t\t\t\t<div class=\"elementor-element elementor-element-6cba809 elementor-widget elementor-widget-text-editor\" data-id=\"6cba809\" data-element_type=\"widget\" data-widget_type=\"text-editor.default\">\n\t\t\t\t<div class=\"elementor-widget-container\">\n\t\t\t\t\t\t\t<p><img loading=\"lazy\" class=\" wp-image-4308 alignleft\" src=\"http:\/\/172.20.5.10\/wp-content\/uploads\/2022\/11\/deceroasiempre-223x300.png\" alt=\"\" width=\"210\" height=\"283\" srcset=\"https:\/\/www.dadiscartagena.gov.co\/wp-content\/uploads\/2022\/11\/deceroasiempre-223x300.png 223w, https:\/\/www.dadiscartagena.gov.co\/wp-content\/uploads\/2022\/11\/deceroasiempre.png 464w\" sizes=\"(max-width: 210px) 100vw, 210px\" \/>De Cero a Siempre es la Estrategia Nacional de Atenci\u00f3n Integral a la Primera Infancia creada para aunar los esfuerzos de los sectores p\u00fablico y privado, de las organizaciones de la sociedad civil y de la cooperaci\u00f3n internacional en favor de la Primera Infancia de Colombia.<\/p><p>\u00a0<span style=\"color: inherit; font-family: inherit; font-size: inherit; font-weight: inherit; text-align: inherit;\">La Consejer\u00eda Presidencial para la Primera Infancia busca transformar la manera sectorizada en la que se han suministrado los servicios de atenci\u00f3n a la Primera Infancia creando la Estrategia Nacional De Cero a Siempre, que re\u00fane pol\u00edticas, programas, proyectos, acciones y servicios dirigidos a la primera infancia, con el fin prestar una verdadera Atenci\u00f3n Integral que haga efectivo el ejercicio de los derechos de los ni\u00f1os y las ni\u00f1as entre cero y cinco a\u00f1os de edad.<\/span><\/p><p>Los derechos de las ni\u00f1as y los ni\u00f1os en primera infancia son impostergables; la familia, la sociedad y el estado est\u00e1n en la obligaci\u00f3n de garantizar la protecci\u00f3n, la salud, la nutrici\u00f3n y la educaci\u00f3n inicial desde el momento de la gestaci\u00f3n hasta los cinco a\u00f1os.<\/p><p>La Estrategia De Cero a Siempre fue aprobada como Ley de la Rep\u00fablica y sancionada por el Presidente de la Rep\u00fablica, el 2 de agosto de 2016. En consecuencia la atenci\u00f3n integral a la primera infancia deber\u00e1 ser implementada en todo el Pa\u00eds, logrando avanzar en condiciones reales en favor del desarrollo integral de ni\u00f1as y ni\u00f1os.<\/p><p>La Pol\u00edtica De Cero a Siempre demandar\u00e1 una mayor preparaci\u00f3n de cada uno de los actores involucrados haciendo inaplazable el establecimiento de compromisos locales y regionales para avanzar coordinadamente en el cumplimiento de las coberturas, as\u00ed como en la adecuaci\u00f3n de las instituciones para cumplir los par\u00e1metros de atenci\u00f3n integral establecidos por la Estrategia.<br \/>Estamos convencidos que la inversi\u00f3n en la primera infancia es el aporte m\u00e1s rentable a largo plazo para un pa\u00eds, recordemos que si hay un buen principio tendremos un mejor futuro<\/p>\t\t\t\t\t\t<\/div>\n\t\t\t\t<\/div>\n\t\t\t\t\t<\/div>\n\t\t<\/div>\n\t\t\t\t<div class=\"penci-ercol-33 penci-ercol-order-2 penci-sticky-sb penci-sidebarSC elementor-column elementor-col-33 elementor-top-column elementor-element elementor-element-3fa53cf\" data-id=\"3fa53cf\" data-element_type=\"column\">\n\t\t\t<div class=\"elementor-widget-wrap elementor-element-populated\">\n\t\t\t\t\t\t\t\t<div class=\"elementor-element elementor-element-8bc353f elementor-widget elementor-widget-heading\" data-id=\"8bc353f\" data-element_type=\"widget\" data-widget_type=\"heading.default\">\n\t\t\t\t<div class=\"elementor-widget-container\">\n\t\t\t<h2 class=\"elementor-heading-title elementor-size-default\">Men\u00fa Salud Infantil<\/h2>\t\t<\/div>\n\t\t\t\t<\/div>\n\t\t\t\t<div class=\"elementor-element elementor-element-af1dc91 elementor-widget elementor-widget-bdt-slinky-vertical-menu\" data-id=\"af1dc91\" data-element_type=\"widget\" data-widget_type=\"bdt-slinky-vertical-menu.default\">\n\t\t\t\t<div class=\"elementor-widget-container\">\n\t\t\t\t\t<div class=\"bdt-slinky-vertical-menu slinky-menu slinky-theme-default\" id=\"bdt-slinky-vertical-menu-af1dc91\">\n\n\t\t\t\t\t\t\t\t\t<ul id=\"bdt-slinky-vertical-menu-af1dc91\" class=\"slinky-vertical-menu\"><li class=\"bdt-menu-item\"><a href=\"https:\/\/www.dadiscartagena.gov.co\/index.php\/normatividad\/\" class=\"\">Normatividad<\/a><\/li><li class=\"bdt-menu-item\"><a href=\"https:\/\/www.dadiscartagena.gov.co\/index.php\/metas\/\" class=\"\">Metas<\/a><\/li><\/ul>\n\t\t\t\n\t\t<\/div>\n\t\t\t<\/div>\n\t\t\t\t<\/div>\n\t\t\t\t<div class=\"elementor-element elementor-element-1ada85b elementor-widget elementor-widget-heading\" data-id=\"1ada85b\" data-element_type=\"widget\" data-widget_type=\"heading.default\">\n\t\t\t\t<div class=\"elementor-widget-container\">\n\t\t\t<h2 class=\"elementor-heading-title elementor-size-default\">PROGRAMAS EN SALUD P\u00daBLICA<\/h2>\t\t<\/div>\n\t\t\t\t<\/div>\n\t\t\t\t<div class=\"elementor-element elementor-element-d23fc9e elementor-widget elementor-widget-bdt-slinky-vertical-menu\" data-id=\"d23fc9e\" data-element_type=\"widget\" data-widget_type=\"bdt-slinky-vertical-menu.default\">\n\t\t\t\t<div class=\"elementor-widget-container\">\n\t\t\t\t\t<div class=\"bdt-slinky-vertical-menu slinky-menu slinky-theme-default\" id=\"bdt-slinky-vertical-menu-d23fc9e\">\n\n\t\t\t\t\t\t\t\t\t<ul id=\"bdt-slinky-vertical-menu-d23fc9e\" class=\"slinky-vertical-menu\"><li class=\"bdt-menu-item\"><a href=\"https:\/\/www.dadiscartagena.gov.co\/index.php\/vigilancia-en-salud-publica\/\" class=\"\">Vigilancia en Salud P\u00fablica<\/a><\/li><li class=\"bdt-menu-item\"><a href=\"https:\/\/www.dadiscartagena.gov.co\/index.php\/pai\/\" class=\"\">PAI<\/a><\/li><li class=\"bdt-menu-item\"><a href=\"https:\/\/www.dadiscartagena.gov.co\/index.php\/salud-mental\/\" class=\"\">Salud Mental<\/a><\/li><li class=\"bdt-menu-item\"><a href=\"https:\/\/www.dadiscartagena.gov.co\/index.php\/tuberculosis-y-lepra-2\/\" class=\"\">Tuberculosis y Lepra<\/a><\/li><li class=\"bdt-menu-item\"><a href=\"https:\/\/www.dadiscartagena.gov.co\/index.php\/salud-sexual\/\" class=\"\">Salud Sexual<\/a><\/li><li class=\"bdt-menu-item\"><a href=\"https:\/\/www.dadiscartagena.gov.co\/index.php\/salud-infantil-2\/\" class=\"\">Salud Infantil<\/a><\/li><li class=\"bdt-menu-item\"><a href=\"https:\/\/www.dadiscartagena.gov.co\/index.php\/salud-ambiental\/\" class=\"\">Salud Ambiental<\/a><\/li><li class=\"bdt-menu-item\"><a href=\"https:\/\/www.dadiscartagena.gov.co\/index.php\/gestion-del-plan-2\/\" class=\"\">Gesti\u00f3n del Plan<\/a><\/li><li class=\"bdt-menu-item\"><a href=\"https:\/\/www.dadiscartagena.gov.co\/index.php\/cartagena-saludable\/\" class=\"\">Cartagena Saludable<\/a><\/li><li class=\"bdt-menu-item\"><a href=\"https:\/\/www.dadiscartagena.gov.co\/index.php\/vigilancia-y-control-de-alimentos-y-medicamentos\/\" class=\"\">Vigilancia y Control de Alimentos y Medicamentos<\/a><\/li><li class=\"bdt-menu-item\"><a href=\"https:\/\/www.dadiscartagena.gov.co\/index.php\/alimentacion-y-nutricion\/\" class=\"\">Alimentaci\u00f3n y Nutrici\u00f3n<\/a><\/li><\/ul>\n\t\t\t\n\t\t<\/div>\n\t\t\t<\/div>\n\t\t\t\t<\/div>\n\t\t\t\t<div class=\"elementor-element elementor-element-669ef7c elementor-widget elementor-widget-heading\" data-id=\"669ef7c\" data-element_type=\"widget\" data-widget_type=\"heading.default\">\n\t\t\t\t<div class=\"elementor-widget-container\">\n\t\t\t<h2 class=\"elementor-heading-title elementor-size-default\">Sitios de Inter\u00e9s:<\/h2>\t\t<\/div>\n\t\t\t\t<\/div>\n\t\t\t\t<div class=\"elementor-element elementor-element-78d786e elementor-widget elementor-widget-image\" data-id=\"78d786e\" data-element_type=\"widget\" data-widget_type=\"image.default\">\n\t\t\t\t<div class=\"elementor-widget-container\">\n\t\t\t\t\t\t\t\t\t\t\t\t\t\t\t<img width=\"150\" height=\"150\" src=\"https:\/\/www.dadiscartagena.gov.co\/wp-content\/uploads\/2022\/11\/presidencia-150x150.png\" class=\"attachment-thumbnail size-thumbnail\" alt=\"\" loading=\"lazy\" \/>\t\t\t\t\t\t\t\t\t\t\t\t\t\t\t<\/div>\n\t\t\t\t<\/div>\n\t\t\t\t<div class=\"elementor-element elementor-element-a06af2c elementor-widget elementor-widget-text-editor\" data-id=\"a06af2c\" data-element_type=\"widget\" data-widget_type=\"text-editor.default\">\n\t\t\t\t<div class=\"elementor-widget-container\">\n\t\t\t\t\t\t\t<p>Presidencia de la Rep\u00fablica Acci\u00f3n Social<br \/>Ministerio de Cultura ICBF<br \/>Ministerio de Educaci\u00f3n DNP<br \/>Ministerio de Salud De Cero a Siempre<\/p>\t\t\t\t\t\t<\/div>\n\t\t\t\t<\/div>\n\t\t\t\t\t<\/div>\n\t\t<\/div>\n\t\t\t\t\t\t\t<\/div>\n\t\t<\/section>\n\t\t\t\t\t\t\t<\/div>\n\t\t","protected":false},"excerpt":{"rendered":"<p>Objetivo General Lograr la cero tolerancia con la morbilidad, mortalidad y discapacidad evitables en ni\u00f1os y ni\u00f1as a trav\u00e9s de la promoci\u00f3n de la salud, la gesti\u00f3n del riesgo en&hellip;<\/p>\n","protected":false},"author":1,"featured_media":0,"parent":0,"menu_order":0,"comment_status":"closed","ping_status":"closed","template":"","meta":[],"_links":{"self":[{"href":"https:\/\/www.dadiscartagena.gov.co\/index.php\/wp-json\/wp\/v2\/pages\/4288"}],"collection":[{"href":"https:\/\/www.dadiscartagena.gov.co\/index.php\/wp-json\/wp\/v2\/pages"}],"about":[{"href":"https:\/\/www.dadiscartagena.gov.co\/index.php\/wp-json\/wp\/v2\/types\/page"}],"author":[{"embeddable":true,"href":"https:\/\/www.dadiscartagena.gov.co\/index.php\/wp-json\/wp\/v2\/users\/1"}],"replies":[{"embeddable":true,"href":"https:\/\/www.dadiscartagena.gov.co\/index.php\/wp-json\/wp\/v2\/comments?post=4288"}],"version-history":[{"count":40,"href":"https:\/\/www.dadiscartagena.gov.co\/index.php\/wp-json\/wp\/v2\/pages\/4288\/revisions"}],"predecessor-version":[{"id":6147,"href":"https:\/\/www.dadiscartagena.gov.co\/index.php\/wp-json\/wp\/v2\/pages\/4288\/revisions\/6147"}],"wp:attachment":[{"href":"https:\/\/www.dadiscartagena.gov.co\/index.php\/wp-json\/wp\/v2\/media?parent=4288"}],"curies":[{"name":"wp","href":"https:\/\/api.w.org\/{rel}","templated":true}]}}