{"id":6509,"date":"2023-01-23T15:34:30","date_gmt":"2023-01-23T20:34:30","guid":{"rendered":"https:\/\/www.dadiscartagena.gov.co\/?page_id=6509"},"modified":"2025-10-27T11:40:27","modified_gmt":"2025-10-27T16:40:27","slug":"crued-sem","status":"publish","type":"page","link":"https:\/\/www.dadiscartagena.gov.co\/index.php\/crued-sem\/","title":{"rendered":"Gu\u00edas"},"content":{"rendered":"\t\t<div data-elementor-type=\"wp-page\" data-elementor-id=\"6509\" class=\"elementor elementor-6509\">\n\t\t\t\t\t\t\t\t\t<section data-particle_enable=\"false\" data-particle-mobile-disabled=\"false\" class=\"penci-section penci-disSticky penci-structure-10 elementor-section elementor-top-section elementor-element elementor-element-8f186a1 elementor-section-full_width elementor-section-stretched elementor-section-height-default elementor-section-height-default\" data-id=\"8f186a1\" data-element_type=\"section\" data-settings=\"{&quot;stretch_section&quot;:&quot;section-stretched&quot;,&quot;background_background&quot;:&quot;classic&quot;}\">\n\t\t\t\t\t\t<div class=\"elementor-container elementor-column-gap-no\">\n\t\t\t\t\t<div class=\"penci-ercol-100 penci-ercol-order-1 penci-sticky-ct  elementor-column elementor-col-100 elementor-top-column elementor-element elementor-element-0374501\" data-id=\"0374501\" data-element_type=\"column\">\n\t\t\t<div class=\"elementor-widget-wrap elementor-element-populated\">\n\t\t\t\t\t\t\t\t<div class=\"elementor-element elementor-element-9cdf0c2 elementor-widget elementor-widget-image\" data-id=\"9cdf0c2\" data-element_type=\"widget\" data-widget_type=\"image.default\">\n\t\t\t\t<div class=\"elementor-widget-container\">\n\t\t\t<style>\/*! elementor - v3.7.7 - 20-09-2022 *\/\n.elementor-widget-image{text-align:center}.elementor-widget-image a{display:inline-block}.elementor-widget-image a img[src$=\".svg\"]{width:48px}.elementor-widget-image img{vertical-align:middle;display:inline-block}<\/style>\t\t\t\t\t\t\t\t\t\t\t\t<img width=\"1024\" height=\"150\" src=\"https:\/\/www.dadiscartagena.gov.co\/wp-content\/uploads\/2022\/12\/banner_CRUE-1024x150.jpg\" class=\"attachment-large size-large\" alt=\"\" loading=\"lazy\" srcset=\"https:\/\/www.dadiscartagena.gov.co\/wp-content\/uploads\/2022\/12\/banner_CRUE-1024x150.jpg 1024w, https:\/\/www.dadiscartagena.gov.co\/wp-content\/uploads\/2022\/12\/banner_CRUE-300x44.jpg 300w, https:\/\/www.dadiscartagena.gov.co\/wp-content\/uploads\/2022\/12\/banner_CRUE-768x112.jpg 768w, https:\/\/www.dadiscartagena.gov.co\/wp-content\/uploads\/2022\/12\/banner_CRUE-1536x224.jpg 1536w, https:\/\/www.dadiscartagena.gov.co\/wp-content\/uploads\/2022\/12\/banner_CRUE-1170x171.jpg 1170w, https:\/\/www.dadiscartagena.gov.co\/wp-content\/uploads\/2022\/12\/banner_CRUE-585x85.jpg 585w, https:\/\/www.dadiscartagena.gov.co\/wp-content\/uploads\/2022\/12\/banner_CRUE.jpg 1567w\" sizes=\"(max-width: 1024px) 100vw, 1024px\" \/>\t\t\t\t\t\t\t\t\t\t\t\t\t\t\t<\/div>\n\t\t\t\t<\/div>\n\t\t\t\t\t<\/div>\n\t\t<\/div>\n\t\t\t\t\t\t\t<\/div>\n\t\t<\/section>\n\t\t\t\t<section data-particle_enable=\"false\" data-particle-mobile-disabled=\"false\" class=\"penci-section penci-enSticky penci-structure-22 elementor-section elementor-top-section elementor-element elementor-element-bbe5629 elementor-section-boxed elementor-section-height-default elementor-section-height-default\" data-id=\"bbe5629\" data-element_type=\"section\">\n\t\t\t\t\t\t<div class=\"elementor-container elementor-column-gap-wide\">\n\t\t\t\t\t<div class=\"penci-ercol-66 penci-ercol-order-1 penci-sticky-ct  elementor-column elementor-col-66 elementor-top-column elementor-element elementor-element-f187714\" data-id=\"f187714\" data-element_type=\"column\">\n\t\t\t<div class=\"elementor-widget-wrap elementor-element-populated\">\n\t\t\t\t\t\t\t\t<div class=\"elementor-element elementor-element-6d7f9c4 elementor-widget elementor-widget-image\" data-id=\"6d7f9c4\" data-element_type=\"widget\" data-widget_type=\"image.default\">\n\t\t\t\t<div class=\"elementor-widget-container\">\n\t\t\t\t\t\t\t\t\t\t\t\t\t\t\t<img width=\"1024\" height=\"645\" src=\"https:\/\/www.dadiscartagena.gov.co\/wp-content\/uploads\/2023\/01\/CRUE-1024x645.jpg\" class=\"attachment-large size-large\" alt=\"\" loading=\"lazy\" srcset=\"https:\/\/www.dadiscartagena.gov.co\/wp-content\/uploads\/2023\/01\/CRUE-1024x645.jpg 1024w, https:\/\/www.dadiscartagena.gov.co\/wp-content\/uploads\/2023\/01\/CRUE-300x189.jpg 300w, https:\/\/www.dadiscartagena.gov.co\/wp-content\/uploads\/2023\/01\/CRUE-768x484.jpg 768w, https:\/\/www.dadiscartagena.gov.co\/wp-content\/uploads\/2023\/01\/CRUE-1170x737.jpg 1170w, https:\/\/www.dadiscartagena.gov.co\/wp-content\/uploads\/2023\/01\/CRUE-585x368.jpg 585w, https:\/\/www.dadiscartagena.gov.co\/wp-content\/uploads\/2023\/01\/CRUE.jpg 1280w\" sizes=\"(max-width: 1024px) 100vw, 1024px\" \/>\t\t\t\t\t\t\t\t\t\t\t\t\t\t\t<\/div>\n\t\t\t\t<\/div>\n\t\t\t\t<div class=\"elementor-element elementor-element-af88de6 elementor-widget elementor-widget-heading\" data-id=\"af88de6\" data-element_type=\"widget\" data-widget_type=\"heading.default\">\n\t\t\t\t<div class=\"elementor-widget-container\">\n\t\t\t<style>\/*! elementor - v3.7.7 - 20-09-2022 *\/\n.elementor-heading-title{padding:0;margin:0;line-height:1}.elementor-widget-heading .elementor-heading-title[class*=elementor-size-]>a{color:inherit;font-size:inherit;line-height:inherit}.elementor-widget-heading .elementor-heading-title.elementor-size-small{font-size:15px}.elementor-widget-heading .elementor-heading-title.elementor-size-medium{font-size:19px}.elementor-widget-heading .elementor-heading-title.elementor-size-large{font-size:29px}.elementor-widget-heading .elementor-heading-title.elementor-size-xl{font-size:39px}.elementor-widget-heading .elementor-heading-title.elementor-size-xxl{font-size:59px}<\/style><h2 class=\"elementor-heading-title elementor-size-default\">GU\u00cdAS CRUED<\/h2>\t\t<\/div>\n\t\t\t\t<\/div>\n\t\t\t\t<div class=\"elementor-element elementor-element-9ac3935 elementor-widget elementor-widget-bdt-accordion\" data-id=\"9ac3935\" data-element_type=\"widget\" data-widget_type=\"bdt-accordion.default\">\n\t\t\t\t<div class=\"elementor-widget-container\">\n\t\t\t        <div class=\"bdt-ep-accordion-container\">\r\n            <div id=\"bdt-ep-accordion-9ac3935\" class=\"bdt-ep-accordion bdt-accordion\" data-bdt-accordion=\"{&quot;collapsible&quot;:true,&quot;multiple&quot;:false,&quot;transition&quot;:&quot;ease-in-out&quot;}\" data-settings=\"{&quot;id&quot;:&quot;bdt-ep-accordion-9ac3935&quot;,&quot;activeHash&quot;:&quot;no&quot;,&quot;activeScrollspy&quot;:null,&quot;hashTopOffset&quot;:false,&quot;hashScrollspyTime&quot;:false}\">\r\n                                    <div class=\"bdt-ep-accordion-item\">\r\n                        <div class=\"bdt-ep-accordion-title bdt-accordion-title bdt-flex bdt-flex-middle bdt-flex-between\" id=\"bdt-ep-accordion-gua-para-que-la-ambulancias-puedan-acceder-a-carril-del-solo-bus-de-transcaribe\" data-accordion-index=\"0\" data-title=\"gu-a-para-que-la-ambulancias-puedan-acceder-a-carril-del-solo-bus-de-transcaribe\" role=\"heading\">\r\n\r\n                                                            <span class=\"bdt-ep-accordion-icon bdt-flex-align-right\" aria-hidden=\"true\">\r\n\r\n                                                                            <span class=\"bdt-ep-accordion-icon-closed\">\r\n                                            <i aria-hidden=\"true\" class=\"fa-fw fas fa-plus\"><\/i>                                        <\/span>\r\n                                    \r\n                                                                            <span class=\"bdt-ep-accordion-icon-opened\">\r\n                                            <i aria-hidden=\"true\" class=\"fa-fw fas fa-minus\"><\/i>                                        <\/span>\r\n                                    \r\n                                <\/span>\r\n                            \r\n                            <span class=\"bdt-ep-title-text bdt-flex bdt-flex-middle\">\r\n\r\n                                                                 GU\u00cdA PARA QUE LA AMBULANCIAS PUEDAN ACCEDER A CARRIL DEL SOLO BUS DE TRANSCARIBE                            <\/span>\r\n\r\n                        <\/div>\r\n                        <div class=\"bdt-ep-accordion-content bdt-accordion-content\">\r\n                            <p><a href=\"https:\/\/www.dadiscartagena.gov.co\/wp-content\/uploads\/2023\/01\/circular_2017_09_01_ambulancias_solo_bus.pdf\">Ver Informaci\u00f3n<\/a><\/p>                        <\/div>\r\n                    <\/div>\r\n                                    <div class=\"bdt-ep-accordion-item\">\r\n                        <div class=\"bdt-ep-accordion-title bdt-accordion-title bdt-flex bdt-flex-middle bdt-flex-between\" id=\"bdt-ep-accordion-gua-tcnica-para-la-preparacin-y-manejo-en-salud-de-las-aglomeraciones-en-publico\" data-accordion-index=\"1\" data-title=\"gu-a-t-cnica-para-la-preparaci-n-y-manejo-en-salud-de-las-aglomeraciones-en-publico\" role=\"heading\">\r\n\r\n                                                            <span class=\"bdt-ep-accordion-icon bdt-flex-align-right\" aria-hidden=\"true\">\r\n\r\n                                                                            <span class=\"bdt-ep-accordion-icon-closed\">\r\n                                            <i aria-hidden=\"true\" class=\"fa-fw fas fa-plus\"><\/i>                                        <\/span>\r\n                                    \r\n                                                                            <span class=\"bdt-ep-accordion-icon-opened\">\r\n                                            <i aria-hidden=\"true\" class=\"fa-fw fas fa-minus\"><\/i>                                        <\/span>\r\n                                    \r\n                                <\/span>\r\n                            \r\n                            <span class=\"bdt-ep-title-text bdt-flex bdt-flex-middle\">\r\n\r\n                                                                GU\u00cdA T\u00c9CNICA PARA LA PREPARACI\u00d3N Y MANEJO EN SALUD DE LAS AGLOMERACIONES EN PUBLICO                            <\/span>\r\n\r\n                        <\/div>\r\n                        <div class=\"bdt-ep-accordion-content bdt-accordion-content\">\r\n                            <p><a href=\"https:\/\/www.dadiscartagena.gov.co\/wp-content\/uploads\/2023\/01\/guia_manejo_aglomeraciones_14_10_2016.pdf\" target=\"_blank\" rel=\"noopener\">Ver Informaci\u00f3n<\/a><\/p>                        <\/div>\r\n                    <\/div>\r\n                                    <div class=\"bdt-ep-accordion-item\">\r\n                        <div class=\"bdt-ep-accordion-title bdt-accordion-title bdt-flex bdt-flex-middle bdt-flex-between\" id=\"bdt-ep-accordion-gua-tcnica-para-la-preparacin-y-manejo-de-eventos-de-afluencia-masiva-de-publico\" data-accordion-index=\"2\" data-title=\"gu-a-t-cnica-para-la-preparaci-n-y-manejo-de-eventos-de-afluencia-masiva-de-publico\" role=\"heading\">\r\n\r\n                                                            <span class=\"bdt-ep-accordion-icon bdt-flex-align-right\" aria-hidden=\"true\">\r\n\r\n                                                                            <span class=\"bdt-ep-accordion-icon-closed\">\r\n                                            <i aria-hidden=\"true\" class=\"fa-fw fas fa-plus\"><\/i>                                        <\/span>\r\n                                    \r\n                                                                            <span class=\"bdt-ep-accordion-icon-opened\">\r\n                                            <i aria-hidden=\"true\" class=\"fa-fw fas fa-minus\"><\/i>                                        <\/span>\r\n                                    \r\n                                <\/span>\r\n                            \r\n                            <span class=\"bdt-ep-title-text bdt-flex bdt-flex-middle\">\r\n\r\n                                                                GU\u00cdA T\u00c9CNICA PARA LA PREPARACI\u00d3N Y MANEJO DE EVENTOS DE AFLUENCIA MASIVA DE PUBLICO                            <\/span>\r\n\r\n                        <\/div>\r\n                        <div class=\"bdt-ep-accordion-content bdt-accordion-content\">\r\n                            <p><a href=\"https:\/\/www.dadiscartagena.gov.co\/wp-content\/uploads\/2023\/01\/guia_preparacion_afluencia_masiva.pdf\" target=\"_blank\" rel=\"noopener\">Ver Informaci\u00f3n<\/a><\/p>                        <\/div>\r\n                    <\/div>\r\n                                    <div class=\"bdt-ep-accordion-item\">\r\n                        <div class=\"bdt-ep-accordion-title bdt-accordion-title bdt-flex bdt-flex-middle bdt-flex-between\" id=\"bdt-ep-accordion-manual-mision-medica\" data-accordion-index=\"3\" data-title=\"manual-mision-medica\" role=\"heading\">\r\n\r\n                                                            <span class=\"bdt-ep-accordion-icon bdt-flex-align-right\" aria-hidden=\"true\">\r\n\r\n                                                                            <span class=\"bdt-ep-accordion-icon-closed\">\r\n                                            <i aria-hidden=\"true\" class=\"fa-fw fas fa-plus\"><\/i>                                        <\/span>\r\n                                    \r\n                                                                            <span class=\"bdt-ep-accordion-icon-opened\">\r\n                                            <i aria-hidden=\"true\" class=\"fa-fw fas fa-minus\"><\/i>                                        <\/span>\r\n                                    \r\n                                <\/span>\r\n                            \r\n                            <span class=\"bdt-ep-title-text bdt-flex bdt-flex-middle\">\r\n\r\n                                                                MANUAL MISION MEDICA                            <\/span>\r\n\r\n                        <\/div>\r\n                        <div class=\"bdt-ep-accordion-content bdt-accordion-content\">\r\n                            <p><a href=\"https:\/\/www.dadiscartagena.gov.co\/wp-content\/uploads\/2023\/01\/manual_mision_medica.pdf\">Ver Informaci\u00f3n<\/a><\/p>                        <\/div>\r\n                    <\/div>\r\n                                    <div class=\"bdt-ep-accordion-item\">\r\n                        <div class=\"bdt-ep-accordion-title bdt-accordion-title bdt-flex bdt-flex-middle bdt-flex-between\" id=\"bdt-ep-accordion-curso-sistema-de-comando-de-incidentes\" data-accordion-index=\"4\" data-title=\"curso-sistema-de-comando-de-incidentes\" role=\"heading\">\r\n\r\n                                                            <span class=\"bdt-ep-accordion-icon bdt-flex-align-right\" aria-hidden=\"true\">\r\n\r\n                                                                            <span class=\"bdt-ep-accordion-icon-closed\">\r\n                                            <i aria-hidden=\"true\" class=\"fa-fw fas fa-plus\"><\/i>                                        <\/span>\r\n                                    \r\n                                                                            <span class=\"bdt-ep-accordion-icon-opened\">\r\n                                            <i aria-hidden=\"true\" class=\"fa-fw fas fa-minus\"><\/i>                                        <\/span>\r\n                                    \r\n                                <\/span>\r\n                            \r\n                            <span class=\"bdt-ep-title-text bdt-flex bdt-flex-middle\">\r\n\r\n                                                                CURSO SISTEMA DE COMANDO DE INCIDENTES                            <\/span>\r\n\r\n                        <\/div>\r\n                        <div class=\"bdt-ep-accordion-content bdt-accordion-content\">\r\n                            <p><a href=\"https:\/\/www.dadiscartagena.gov.co\/wp-content\/uploads\/2023\/01\/manual_mision_medica.pdf\" target=\"_blank\" rel=\"noopener\">Ver Informaci\u00f3n<\/a><\/p>                        <\/div>\r\n                    <\/div>\r\n                                    <div class=\"bdt-ep-accordion-item\">\r\n                        <div class=\"bdt-ep-accordion-title bdt-accordion-title bdt-flex bdt-flex-middle bdt-flex-between\" id=\"bdt-ep-accordion-gua-de-manejo-de-urgencias-tomo-i\" data-accordion-index=\"5\" data-title=\"gu-a-de-manejo-de-urgencias-tomo-i\" role=\"heading\">\r\n\r\n                                                            <span class=\"bdt-ep-accordion-icon bdt-flex-align-right\" aria-hidden=\"true\">\r\n\r\n                                                                            <span class=\"bdt-ep-accordion-icon-closed\">\r\n                                            <i aria-hidden=\"true\" class=\"fa-fw fas fa-plus\"><\/i>                                        <\/span>\r\n                                    \r\n                                                                            <span class=\"bdt-ep-accordion-icon-opened\">\r\n                                            <i aria-hidden=\"true\" class=\"fa-fw fas fa-minus\"><\/i>                                        <\/span>\r\n                                    \r\n                                <\/span>\r\n                            \r\n                            <span class=\"bdt-ep-title-text bdt-flex bdt-flex-middle\">\r\n\r\n                                                                GU\u00cdA DE MANEJO DE URGENCIAS TOMO I                            <\/span>\r\n\r\n                        <\/div>\r\n                        <div class=\"bdt-ep-accordion-content bdt-accordion-content\">\r\n                            <p><a href=\"https:\/\/www.dadiscartagena.gov.co\/wp-content\/uploads\/2023\/01\/GESSPEYD02-P004procedimiento_alerta_emerg_desastres_salud.doc\" target=\"_blank\" rel=\"noopener\">Ver Informaci\u00f3n<\/a><\/p>                        <\/div>\r\n                    <\/div>\r\n                                    <div class=\"bdt-ep-accordion-item\">\r\n                        <div class=\"bdt-ep-accordion-title bdt-accordion-title bdt-flex bdt-flex-middle bdt-flex-between\" id=\"bdt-ep-accordion-gua-de-manejo-de-urgencias-tomo-ii\" data-accordion-index=\"6\" data-title=\"gu-a-de-manejo-de-urgencias-tomo-ii\" role=\"heading\">\r\n\r\n                                                            <span class=\"bdt-ep-accordion-icon bdt-flex-align-right\" aria-hidden=\"true\">\r\n\r\n                                                                            <span class=\"bdt-ep-accordion-icon-closed\">\r\n                                            <i aria-hidden=\"true\" class=\"fa-fw fas fa-plus\"><\/i>                                        <\/span>\r\n                                    \r\n                                                                            <span class=\"bdt-ep-accordion-icon-opened\">\r\n                                            <i aria-hidden=\"true\" class=\"fa-fw fas fa-minus\"><\/i>                                        <\/span>\r\n                                    \r\n                                <\/span>\r\n                            \r\n                            <span class=\"bdt-ep-title-text bdt-flex bdt-flex-middle\">\r\n\r\n                                                                GU\u00cdA DE MANEJO DE URGENCIAS TOMO II                            <\/span>\r\n\r\n                        <\/div>\r\n                        <div class=\"bdt-ep-accordion-content bdt-accordion-content\">\r\n                            <p><a href=\"https:\/\/www.dadiscartagena.gov.co\/wp-content\/uploads\/2023\/01\/guia_manejo_urgencias_tomoII.pdf\" target=\"_blank\" rel=\"noopener\">Ver Informaci\u00f3n<\/a><\/p>                        <\/div>\r\n                    <\/div>\r\n                                    <div class=\"bdt-ep-accordion-item\">\r\n                        <div class=\"bdt-ep-accordion-title bdt-accordion-title bdt-flex bdt-flex-middle bdt-flex-between\" id=\"bdt-ep-accordion-guas-de-atencin-en-urgencias-psiquitricas\" data-accordion-index=\"7\" data-title=\"gu-as-de-atenci-n-en-urgencias-psiqui-tricas\" role=\"heading\">\r\n\r\n                                                            <span class=\"bdt-ep-accordion-icon bdt-flex-align-right\" aria-hidden=\"true\">\r\n\r\n                                                                            <span class=\"bdt-ep-accordion-icon-closed\">\r\n                                            <i aria-hidden=\"true\" class=\"fa-fw fas fa-plus\"><\/i>                                        <\/span>\r\n                                    \r\n                                                                            <span class=\"bdt-ep-accordion-icon-opened\">\r\n                                            <i aria-hidden=\"true\" class=\"fa-fw fas fa-minus\"><\/i>                                        <\/span>\r\n                                    \r\n                                <\/span>\r\n                            \r\n                            <span class=\"bdt-ep-title-text bdt-flex bdt-flex-middle\">\r\n\r\n                                                                GU\u00cdAS DE ATENCI\u00d3N EN URGENCIAS PSIQUI\u00c1TRICAS                            <\/span>\r\n\r\n                        <\/div>\r\n                        <div class=\"bdt-ep-accordion-content bdt-accordion-content\">\r\n                            <p><a href=\"https:\/\/www.dadiscartagena.gov.co\/wp-content\/uploads\/2023\/01\/atencion_urgencias_psiquiatricas_2011.pdf\" target=\"_blank\" rel=\"noopener\">Ver Informaci\u00f3n<\/a><\/p>                        <\/div>\r\n                    <\/div>\r\n                                    <div class=\"bdt-ep-accordion-item\">\r\n                        <div class=\"bdt-ep-accordion-title bdt-accordion-title bdt-flex bdt-flex-middle bdt-flex-between\" id=\"bdt-ep-accordion-reglamento-sanitario-internacional-2da-edicin-2005\" data-accordion-index=\"8\" data-title=\"reglamento-sanitario-internacional-2da-edici-n-2005\" role=\"heading\">\r\n\r\n                                                            <span class=\"bdt-ep-accordion-icon bdt-flex-align-right\" aria-hidden=\"true\">\r\n\r\n                                                                            <span class=\"bdt-ep-accordion-icon-closed\">\r\n                                            <i aria-hidden=\"true\" class=\"fa-fw fas fa-plus\"><\/i>                                        <\/span>\r\n                                    \r\n                                                                            <span class=\"bdt-ep-accordion-icon-opened\">\r\n                                            <i aria-hidden=\"true\" class=\"fa-fw fas fa-minus\"><\/i>                                        <\/span>\r\n                                    \r\n                                <\/span>\r\n                            \r\n                            <span class=\"bdt-ep-title-text bdt-flex bdt-flex-middle\">\r\n\r\n                                                                REGLAMENTO SANITARIO INTERNACIONAL 2da Edici\u00f3n 2005                            <\/span>\r\n\r\n                        <\/div>\r\n                        <div class=\"bdt-ep-accordion-content bdt-accordion-content\">\r\n                            <p><a href=\"https:\/\/www.dadiscartagena.gov.co\/wp-content\/uploads\/2023\/01\/reglamento_sanitario_internacional_2005.pdf\" target=\"_blank\" rel=\"noopener\">Ver Informaci\u00f3n<\/a><\/p>                        <\/div>\r\n                    <\/div>\r\n                                    <div class=\"bdt-ep-accordion-item\">\r\n                        <div class=\"bdt-ep-accordion-title bdt-accordion-title bdt-flex bdt-flex-middle bdt-flex-between\" id=\"bdt-ep-accordion-gua-tcnica-para-la-preparacin-y-manejo-en-salud-de-las-aglomeraciones-de-pblico\" data-accordion-index=\"9\" data-title=\"gu-a-t-cnica-para-la-preparaci-n-y-manejo-en-salud-de-las-aglomeraciones-de-p-blico\" role=\"heading\">\r\n\r\n                                                            <span class=\"bdt-ep-accordion-icon bdt-flex-align-right\" aria-hidden=\"true\">\r\n\r\n                                                                            <span class=\"bdt-ep-accordion-icon-closed\">\r\n                                            <i aria-hidden=\"true\" class=\"fa-fw fas fa-plus\"><\/i>                                        <\/span>\r\n                                    \r\n                                                                            <span class=\"bdt-ep-accordion-icon-opened\">\r\n                                            <i aria-hidden=\"true\" class=\"fa-fw fas fa-minus\"><\/i>                                        <\/span>\r\n                                    \r\n                                <\/span>\r\n                            \r\n                            <span class=\"bdt-ep-title-text bdt-flex bdt-flex-middle\">\r\n\r\n                                                                GU\u00cdA T\u00c9CNICA PARA LA PREPARACI\u00d3N Y MANEJO EN SALUD DE LAS AGLOMERACIONES DE P\u00daBLICO                            <\/span>\r\n\r\n                        <\/div>\r\n                        <div class=\"bdt-ep-accordion-content bdt-accordion-content\">\r\n                            <p><a href=\"https:\/\/www.dadiscartagena.gov.co\/wp-content\/uploads\/2023\/01\/guia_manejo_aglomeraciones_14_10_2016-1.pdf\" target=\"_blank\" rel=\"noopener\">Ver Informaci\u00f3n<\/a><\/p>                        <\/div>\r\n                    <\/div>\r\n                                    <div class=\"bdt-ep-accordion-item\">\r\n                        <div class=\"bdt-ep-accordion-title bdt-accordion-title bdt-flex bdt-flex-middle bdt-flex-between\" id=\"bdt-ep-accordion-gua-para-el-manejo-de-emergencias-toxicolgicas\" data-accordion-index=\"10\" data-title=\"gu-a-para-el-manejo-de-emergencias-toxicol-gicas\" role=\"heading\">\r\n\r\n                                                            <span class=\"bdt-ep-accordion-icon bdt-flex-align-right\" aria-hidden=\"true\">\r\n\r\n                                                                            <span class=\"bdt-ep-accordion-icon-closed\">\r\n                                            <i aria-hidden=\"true\" class=\"fa-fw fas fa-plus\"><\/i>                                        <\/span>\r\n                                    \r\n                                                                            <span class=\"bdt-ep-accordion-icon-opened\">\r\n                                            <i aria-hidden=\"true\" class=\"fa-fw fas fa-minus\"><\/i>                                        <\/span>\r\n                                    \r\n                                <\/span>\r\n                            \r\n                            <span class=\"bdt-ep-title-text bdt-flex bdt-flex-middle\">\r\n\r\n                                                                GU\u00cdA PARA EL MANEJO DE EMERGENCIAS TOXICOL\u00d3GICAS                            <\/span>\r\n\r\n                        <\/div>\r\n                        <div class=\"bdt-ep-accordion-content bdt-accordion-content\">\r\n                            <p><a href=\"https:\/\/www.dadiscartagena.gov.co\/wp-content\/uploads\/2023\/01\/guia_manejo_emergencias_toxicologicas2017.pdf\" target=\"_blank\" rel=\"noopener\">Ver Informaci\u00f3n<\/a><\/p>                        <\/div>\r\n                    <\/div>\r\n                                    <div class=\"bdt-ep-accordion-item\">\r\n                        <div class=\"bdt-ep-accordion-title bdt-accordion-title bdt-flex bdt-flex-middle bdt-flex-between\" id=\"bdt-ep-accordion-gua-hospitalaria-para-la-gestin-del-riesgo-de-desastres\" data-accordion-index=\"11\" data-title=\"gu-a-hospitalaria-para-la-gesti-n-del-riesgo-de-desastres\" role=\"heading\">\r\n\r\n                                                            <span class=\"bdt-ep-accordion-icon bdt-flex-align-right\" aria-hidden=\"true\">\r\n\r\n                                                                            <span class=\"bdt-ep-accordion-icon-closed\">\r\n                                            <i aria-hidden=\"true\" class=\"fa-fw fas fa-plus\"><\/i>                                        <\/span>\r\n                                    \r\n                                                                            <span class=\"bdt-ep-accordion-icon-opened\">\r\n                                            <i aria-hidden=\"true\" class=\"fa-fw fas fa-minus\"><\/i>                                        <\/span>\r\n                                    \r\n                                <\/span>\r\n                            \r\n                            <span class=\"bdt-ep-title-text bdt-flex bdt-flex-middle\">\r\n\r\n                                                                GU\u00cdA HOSPITALARIA PARA LA GESTI\u00d3N DEL RIESGO DE DESASTRES                            <\/span>\r\n\r\n                        <\/div>\r\n                        <div class=\"bdt-ep-accordion-content bdt-accordion-content\">\r\n                            <p><a href=\"https:\/\/www.dadiscartagena.gov.co\/wp-content\/uploads\/2023\/01\/guia_hospitalaria_gestion_riesgo_desastres2017.pdf\" target=\"_blank\" rel=\"noopener\">Ver Informaci\u00f3n<\/a><\/p>                        <\/div>\r\n                    <\/div>\r\n                                    <div class=\"bdt-ep-accordion-item\">\r\n                        <div class=\"bdt-ep-accordion-title bdt-accordion-title bdt-flex bdt-flex-middle bdt-flex-between\" id=\"bdt-ep-accordion-guas-basicas-para-la-atencin-medica-prehospitalaria\" data-accordion-index=\"12\" data-title=\"gu-as-basicas-para-la-atenci-n-medica-prehospitalaria\" role=\"heading\">\r\n\r\n                                                            <span class=\"bdt-ep-accordion-icon bdt-flex-align-right\" aria-hidden=\"true\">\r\n\r\n                                                                            <span class=\"bdt-ep-accordion-icon-closed\">\r\n                                            <i aria-hidden=\"true\" class=\"fa-fw fas fa-plus\"><\/i>                                        <\/span>\r\n                                    \r\n                                                                            <span class=\"bdt-ep-accordion-icon-opened\">\r\n                                            <i aria-hidden=\"true\" class=\"fa-fw fas fa-minus\"><\/i>                                        <\/span>\r\n                                    \r\n                                <\/span>\r\n                            \r\n                            <span class=\"bdt-ep-title-text bdt-flex bdt-flex-middle\">\r\n\r\n                                                                GU\u00cdAS BASICAS PARA LA ATENCI\u00d3N MEDICA PREHOSPITALARIA                            <\/span>\r\n\r\n                        <\/div>\r\n                        <div class=\"bdt-ep-accordion-content bdt-accordion-content\">\r\n                            <p><a href=\"https:\/\/www.dadiscartagena.gov.co\/wp-content\/uploads\/2023\/01\/guias_basicas_atencion_medica_prehospitalaria_2012.pdf\" target=\"_blank\" rel=\"noopener\">Ver Informaci\u00f3n<\/a><\/p>                        <\/div>\r\n                    <\/div>\r\n                            <\/div>\r\n        <\/div>\r\n    \t\t<\/div>\n\t\t\t\t<\/div>\n\t\t\t\t<div class=\"elementor-element elementor-element-3e8fa69 elementor-widget elementor-widget-heading\" data-id=\"3e8fa69\" data-element_type=\"widget\" data-widget_type=\"heading.default\">\n\t\t\t\t<div class=\"elementor-widget-container\">\n\t\t\t<h2 class=\"elementor-heading-title elementor-size-default\">CALENDARIO DE EVENTOS<\/h2>\t\t<\/div>\n\t\t\t\t<\/div>\n\t\t\t\t<div class=\"elementor-element elementor-element-f5166ee elementor-widget elementor-widget-eael-event-calendar\" data-id=\"f5166ee\" data-element_type=\"widget\" data-widget_type=\"eael-event-calendar.default\">\n\t\t\t\t<div class=\"elementor-widget-container\">\n\t\t\t<div class=\"eael-event-calendar-wrapper\"><div id=\"eael-event-calendar-f5166ee\" class=\"eael-event-calendar-cls\"\n            data-cal_id = \"f5166ee\"\n            data-locale = \"es\"\n            data-translate = \"{&quot;today&quot;:&quot;Hoy&quot;,&quot;tomorrow&quot;:&quot;Ma\\u00f1ana&quot;}\"\n            data-defaultview = \"dayGridMonth\"\n            data-defaultdate = \"2026-05-01\"\n            data-time_format = \"\"\n            data-events=\"[{&quot;id&quot;:0,&quot;title&quot;:&quot;Event Title&quot;,&quot;description&quot;:&quot;&quot;,&quot;start&quot;:&quot;2020-10-07 11:32&quot;,&quot;end&quot;:&quot;2020-10-07 12:31:01&quot;,&quot;borderColor&quot;:&quot;#E8E6ED&quot;,&quot;textColor&quot;:&quot;#ffffff&quot;,&quot;color&quot;:&quot;#5725ff&quot;,&quot;url&quot;:&quot;&quot;,&quot;allDay&quot;:&quot;&quot;,&quot;external&quot;:&quot;&quot;,&quot;nofollow&quot;:&quot;&quot;,&quot;is_redirect&quot;:&quot;&quot;,&quot;custom_attributes&quot;:[]}]\"\n            data-first_day=\"0\"><\/div>\n            <div id=\"eaelecModal\" class=\"eaelec-modal eael-zoom-in\">\n            <div class=\"eael-ec-modal-bg\"><\/div>\n            <div class=\"eaelec-modal-content\">\n                <div class=\"eaelec-modal-header\">\n                    <div class=\"eaelec-modal-close\"><span><i class=\"fas fa-times\"><\/i><\/span><\/div>\n                    <h2 class=\"eael-ec-modal-title\"><\/h2>\n                    <span class=\"eaelec-event-date-start eaelec-event-popup-date\"><\/span>\n                    <span class=\"eaelec-event-date-end eaelec-event-popup-date\"><\/span>\n                <\/div>\n                <div class=\"eaelec-modal-body\">\n                    <p><\/p>\n                <\/div>\n                <div class=\"eaelec-modal-footer\">\n                    <a class=\"eaelec-event-details-link\">Detalles del evento<\/a>\n                <\/div>\n            <\/div>\n        <\/div>\n        <\/div>\t\t<\/div>\n\t\t\t\t<\/div>\n\t\t\t\t\t<\/div>\n\t\t<\/div>\n\t\t\t\t<div class=\"penci-ercol-33 penci-ercol-order-2 penci-sticky-sb penci-sidebarSC elementor-column elementor-col-33 elementor-top-column elementor-element elementor-element-788bd25\" data-id=\"788bd25\" data-element_type=\"column\">\n\t\t\t<div class=\"elementor-widget-wrap elementor-element-populated\">\n\t\t\t\t\t\t\t\t<div class=\"elementor-element elementor-element-8cb2b20 elementor-widget elementor-widget-heading\" data-id=\"8cb2b20\" data-element_type=\"widget\" data-widget_type=\"heading.default\">\n\t\t\t\t<div class=\"elementor-widget-container\">\n\t\t\t<h2 class=\"elementor-heading-title elementor-size-default\">CRUE<\/h2>\t\t<\/div>\n\t\t\t\t<\/div>\n\t\t\t\t<div class=\"elementor-element elementor-element-467eeb6 elementor-widget elementor-widget-bdt-slinky-vertical-menu\" data-id=\"467eeb6\" data-element_type=\"widget\" data-widget_type=\"bdt-slinky-vertical-menu.default\">\n\t\t\t\t<div class=\"elementor-widget-container\">\n\t\t\t\t\t<div class=\"bdt-slinky-vertical-menu slinky-menu slinky-theme-default\" id=\"bdt-slinky-vertical-menu-467eeb6\">\n\n\t\t\t\t\t\t\t\t\t<ul id=\"bdt-slinky-vertical-menu-467eeb6\" class=\"slinky-vertical-menu\"><li class=\"bdt-menu-item\"><a href=\"https:\/\/www.dadiscartagena.gov.co\/index.php\/crue\/\" class=\"\">CRUED &#8211; Objetivos<\/a><\/li><li class=\"bdt-menu-item\"><a href=\"https:\/\/www.dadiscartagena.gov.co\/index.php\/lineamientos-2\/\" class=\"\">Marco Normativo<\/a><\/li><li class=\"bdt-menu-item\"><a href=\"https:\/\/www.dadiscartagena.gov.co\/index.php\/poa\/\" class=\"\">Proyecto 2024-2027<\/a><\/li><li class=\"bdt-menu-item\"><a href=\"https:\/\/www.dadiscartagena.gov.co\/index.php\/crued-sem\/\" class=\"\">Sistema de Emergencias Medicas -SEM<\/a><\/li><li class=\"bdt-menu-item\"><a href=\"https:\/\/www.dadiscartagena.gov.co\/index.php\/crued-coe\/\" class=\"\">Centro de Operaciones de Emergencia &#8211; COE<\/a><\/li><li class=\"bdt-menu-item\"><a href=\"https:\/\/www.dadiscartagena.gov.co\/index.php\/zona-cardioprotegida\/\" class=\"\">Zona Cardioprotegida<\/a><\/li><li class=\"bdt-menu-item\"><a href=\"https:\/\/www.dadiscartagena.gov.co\/index.php\/mision-medica\/\" class=\"\">Misi\u00f3n M\u00e9dica<\/a><\/li><li class=\"bdt-menu-item\"><a href=\"https:\/\/www.dadiscartagena.gov.co\/index.php\/eventos-masivos\/\" class=\"\">Eventos Masivos<\/a><\/li><li class=\"bdt-menu-item\"><a href=\"https:\/\/www.dadiscartagena.gov.co\/index.php\/red-centros-de-urgencia\/\" class=\"\">Red Centros de Urgencia<\/a><\/li><li class=\"bdt-menu-item\"><a href=\"https:\/\/www.dadiscartagena.gov.co\/index.php\/informes-de-gestion\/\" class=\"\">Informes de Gesti\u00f3n<\/a><\/li><li class=\"bdt-menu-item\"><a href=\"https:\/\/www.dadiscartagena.gov.co\/index.php\/planes-de-emergencia\/\" class=\"\">Planes de  Emergencia<\/a><\/li><li class=\"bdt-menu-item\"><a href=\"https:\/\/www.dadiscartagena.gov.co\/index.php\/certificaciones\/\" class=\"\">Certificaciones<\/a><\/li><li class=\"bdt-menu-item\"><a href=\"https:\/\/www.dadiscartagena.gov.co\/index.php\/boletin-informativo-2\/\" class=\"\">Bolet\u00edn Informativo<\/a><\/li><\/ul>\n\t\t\t\n\t\t<\/div>\n\t\t\t<\/div>\n\t\t\t\t<\/div>\n\t\t\t\t\t<\/div>\n\t\t<\/div>\n\t\t\t\t\t\t\t<\/div>\n\t\t<\/section>\n\t\t\t\t<section data-particle_enable=\"false\" data-particle-mobile-disabled=\"false\" class=\"penci-section penci-disSticky penci-structure-10 elementor-section elementor-top-section elementor-element elementor-element-ec0deee elementor-section-boxed elementor-section-height-default elementor-section-height-default\" data-id=\"ec0deee\" data-element_type=\"section\">\n\t\t\t\t\t\t<div class=\"elementor-container elementor-column-gap-default\">\n\t\t\t\t\t<div class=\"penci-ercol-100 penci-ercol-order-1 penci-sticky-ct  elementor-column elementor-col-100 elementor-top-column elementor-element elementor-element-4a70bc9\" data-id=\"4a70bc9\" data-element_type=\"column\">\n\t\t\t<div class=\"elementor-widget-wrap elementor-element-populated\">\n\t\t\t\t\t\t\t\t<div class=\"elementor-element elementor-element-3193cd2 eael-dual-header-content-align-center elementor-widget elementor-widget-eael-dual-color-header\" data-id=\"3193cd2\" data-element_type=\"widget\" data-widget_type=\"eael-dual-color-header.default\">\n\t\t\t\t<div class=\"elementor-widget-container\">\n\t\t\t\n\t\t        <div class=\"eael-dual-header\">\n\t\t\t\t<h3 class=\"title\"><span  class=\"lead solid-color\">L\u00cdNEAS DE<\/span> <span> EMERGENCIA<\/span><\/h3>\n\t\t\t\t<span class=\"subtext\"><\/span>\n\t\t\t\t\t<span class=\"eael-dch-svg-icon\"><\/span>\t\t\t\t<\/div>\n\t\n\t\t\n\t\t\n\t\t\n\t\t\t\t<\/div>\n\t\t\t\t<\/div>\n\t\t\t\t\t<\/div>\n\t\t<\/div>\n\t\t\t\t\t\t\t<\/div>\n\t\t<\/section>\n\t\t\t\t<section data-particle_enable=\"false\" data-particle-mobile-disabled=\"false\" class=\"penci-section penci-disSticky penci-structure-10 elementor-section elementor-top-section elementor-element elementor-element-13b0fc3 elementor-section-boxed elementor-section-height-default elementor-section-height-default\" data-id=\"13b0fc3\" data-element_type=\"section\" data-settings=\"{&quot;background_background&quot;:&quot;classic&quot;}\">\n\t\t\t\t\t\t<div class=\"elementor-container elementor-column-gap-default\">\n\t\t\t\t\t<div class=\"penci-ercol-100 penci-ercol-order-1 penci-sticky-ct  elementor-column elementor-col-100 elementor-top-column elementor-element elementor-element-8a3a06c\" data-id=\"8a3a06c\" data-element_type=\"column\">\n\t\t\t<div class=\"elementor-widget-wrap elementor-element-populated\">\n\t\t\t\t\t\t\t\t<div class=\"elementor-element elementor-element-15abb51 elementor-arrows-position-outside elementor-pagination-position-outside elementor-widget elementor-widget-image-carousel\" data-id=\"15abb51\" data-element_type=\"widget\" data-settings=\"{&quot;slides_to_show&quot;:&quot;6&quot;,&quot;slides_to_scroll&quot;:&quot;1&quot;,&quot;lazyload&quot;:&quot;yes&quot;,&quot;navigation&quot;:&quot;both&quot;,&quot;autoplay&quot;:&quot;yes&quot;,&quot;pause_on_hover&quot;:&quot;yes&quot;,&quot;pause_on_interaction&quot;:&quot;yes&quot;,&quot;autoplay_speed&quot;:5000,&quot;infinite&quot;:&quot;yes&quot;,&quot;speed&quot;:500}\" data-widget_type=\"image-carousel.default\">\n\t\t\t\t<div class=\"elementor-widget-container\">\n\t\t\t<style>\/*! elementor - v3.7.7 - 20-09-2022 *\/\n.elementor-widget-image-carousel .swiper-container{position:static}.elementor-widget-image-carousel .swiper-container .swiper-slide figure{line-height:inherit}.elementor-widget-image-carousel .swiper-slide{text-align:center}.elementor-image-carousel-wrapper:not(.swiper-container-initialized) .swiper-slide{max-width:calc(100% \/ var(--e-image-carousel-slides-to-show, 3))}<\/style>\t\t<div class=\"elementor-image-carousel-wrapper swiper-container\" dir=\"ltr\">\n\t\t\t<div class=\"elementor-image-carousel swiper-wrapper\">\n\t\t\t\t\t\t\t\t<div class=\"swiper-slide\"><figure class=\"swiper-slide-inner\"><img class=\"swiper-slide-image swiper-lazy\" data-src=\"https:\/\/www.dadiscartagena.gov.co\/wp-content\/uploads\/2022\/11\/defensa-civil1.jpg\" alt=\"defensa-civil1\" \/><div class=\"swiper-lazy-preloader\"><\/div><\/figure><\/div><div class=\"swiper-slide\"><figure class=\"swiper-slide-inner\"><img class=\"swiper-slide-image swiper-lazy\" data-src=\"https:\/\/www.dadiscartagena.gov.co\/wp-content\/uploads\/2022\/11\/aguasdecar1.jpg\" alt=\"aguasdecar1\" \/><div class=\"swiper-lazy-preloader\"><\/div><\/figure><\/div><div class=\"swiper-slide\"><figure class=\"swiper-slide-inner\"><img class=\"swiper-slide-image swiper-lazy\" data-src=\"https:\/\/www.dadiscartagena.gov.co\/wp-content\/uploads\/2022\/11\/policia1.jpg\" alt=\"policia1\" \/><div class=\"swiper-lazy-preloader\"><\/div><\/figure><\/div><div class=\"swiper-slide\"><figure class=\"swiper-slide-inner\"><img class=\"swiper-slide-image swiper-lazy\" data-src=\"https:\/\/www.dadiscartagena.gov.co\/wp-content\/uploads\/2022\/11\/CRUED1.jpg\" alt=\"CRUED1\" \/><div class=\"swiper-lazy-preloader\"><\/div><\/figure><\/div><div class=\"swiper-slide\"><figure class=\"swiper-slide-inner\"><img class=\"swiper-slide-image swiper-lazy\" data-src=\"https:\/\/www.dadiscartagena.gov.co\/wp-content\/uploads\/2022\/11\/cruz-roja1.jpg\" alt=\"cruz-roja1\" \/><div class=\"swiper-lazy-preloader\"><\/div><\/figure><\/div><div class=\"swiper-slide\"><figure class=\"swiper-slide-inner\"><img class=\"swiper-slide-image swiper-lazy\" data-src=\"https:\/\/www.dadiscartagena.gov.co\/wp-content\/uploads\/2022\/11\/GESTIONRIESGO1.jpg\" alt=\"GESTIONRIESGO1\" \/><div class=\"swiper-lazy-preloader\"><\/div><\/figure><\/div>\t\t\t<\/div>\n\t\t\t\t\t\t\t\t\t\t\t\t<div class=\"swiper-pagination\"><\/div>\n\t\t\t\t\t\t\t\t\t\t\t\t\t<div class=\"elementor-swiper-button elementor-swiper-button-prev\">\n\t\t\t\t\t\t<i aria-hidden=\"true\" class=\"eicon-chevron-left\"><\/i>\t\t\t\t\t\t<span class=\"elementor-screen-only\">Anterior<\/span>\n\t\t\t\t\t<\/div>\n\t\t\t\t\t<div class=\"elementor-swiper-button elementor-swiper-button-next\">\n\t\t\t\t\t\t<i aria-hidden=\"true\" class=\"eicon-chevron-right\"><\/i>\t\t\t\t\t\t<span class=\"elementor-screen-only\">Siguiente<\/span>\n\t\t\t\t\t<\/div>\n\t\t\t\t\t\t\t\t\t<\/div>\n\t\t\t\t<\/div>\n\t\t\t\t<\/div>\n\t\t\t\t\t<\/div>\n\t\t<\/div>\n\t\t\t\t\t\t\t<\/div>\n\t\t<\/section>\n\t\t\t\t\t\t\t<\/div>\n\t\t","protected":false},"excerpt":{"rendered":"<p>GU\u00cdAS CRUED GU\u00cdA PARA QUE LA AMBULANCIAS PUEDAN ACCEDER A CARRIL DEL SOLO BUS DE TRANSCARIBE Ver Informaci\u00f3n GU\u00cdA T\u00c9CNICA PARA LA PREPARACI\u00d3N Y MANEJO EN SALUD DE LAS AGLOMERACIONES&hellip;<\/p>\n","protected":false},"author":1,"featured_media":0,"parent":0,"menu_order":0,"comment_status":"closed","ping_status":"closed","template":"","meta":[],"_links":{"self":[{"href":"https:\/\/www.dadiscartagena.gov.co\/index.php\/wp-json\/wp\/v2\/pages\/6509"}],"collection":[{"href":"https:\/\/www.dadiscartagena.gov.co\/index.php\/wp-json\/wp\/v2\/pages"}],"about":[{"href":"https:\/\/www.dadiscartagena.gov.co\/index.php\/wp-json\/wp\/v2\/types\/page"}],"author":[{"embeddable":true,"href":"https:\/\/www.dadiscartagena.gov.co\/index.php\/wp-json\/wp\/v2\/users\/1"}],"replies":[{"embeddable":true,"href":"https:\/\/www.dadiscartagena.gov.co\/index.php\/wp-json\/wp\/v2\/comments?post=6509"}],"version-history":[{"count":80,"href":"https:\/\/www.dadiscartagena.gov.co\/index.php\/wp-json\/wp\/v2\/pages\/6509\/revisions"}],"predecessor-version":[{"id":27983,"href":"https:\/\/www.dadiscartagena.gov.co\/index.php\/wp-json\/wp\/v2\/pages\/6509\/revisions\/27983"}],"wp:attachment":[{"href":"https:\/\/www.dadiscartagena.gov.co\/index.php\/wp-json\/wp\/v2\/media?parent=6509"}],"curies":[{"name":"wp","href":"https:\/\/api.w.org\/{rel}","templated":true}]}}